{"id":559,"date":"2020-04-19T22:22:36","date_gmt":"2020-04-19T20:22:36","guid":{"rendered":"https:\/\/voxprimus.org\/ottava-alta\/"},"modified":"2022-11-19T01:12:30","modified_gmt":"2022-11-18T23:12:30","slug":"ottava-alta","status":"publish","type":"page","link":"https:\/\/voxprimus.org\/en\/ottava-alta\/","title":{"rendered":"Ottava alta"},"content":{"rendered":"\t\t<div data-elementor-type=\"wp-post\" data-elementor-id=\"559\" class=\"elementor elementor-559 elementor-419\" data-elementor-post-type=\"page\">\n\t\t\t\t\t\t<section class=\"elementor-section elementor-top-section elementor-element elementor-element-cc06a10 elementor-section-boxed elementor-section-height-default elementor-section-height-default\" data-id=\"cc06a10\" data-element_type=\"section\" data-settings=\"{&quot;background_background&quot;:&quot;classic&quot;}\">\n\t\t\t\t\t\t<div class=\"elementor-container elementor-column-gap-no\">\n\t\t\t\t\t<div class=\"elementor-column elementor-col-100 elementor-top-column elementor-element elementor-element-ff87637\" data-id=\"ff87637\" data-element_type=\"column\">\n\t\t\t<div class=\"elementor-widget-wrap elementor-element-populated\">\n\t\t\t\t\t\t<div class=\"elementor-element elementor-element-fa03338 elementor-widget elementor-widget-heading\" data-id=\"fa03338\" data-element_type=\"widget\" data-widget_type=\"heading.default\">\n\t\t\t\t<div class=\"elementor-widget-container\">\n\t\t\t\t\t<h6 class=\"elementor-heading-title elementor-size-default\">About the project<\/h6>\t\t\t\t<\/div>\n\t\t\t\t<\/div>\n\t\t\t\t<div class=\"elementor-element elementor-element-bfe8f4d elementor-widget elementor-widget-heading\" data-id=\"bfe8f4d\" data-element_type=\"widget\" data-widget_type=\"heading.default\">\n\t\t\t\t<div class=\"elementor-widget-container\">\n\t\t\t\t\t<h1 class=\"elementor-heading-title elementor-size-default\">Ottava alta<\/h1>\t\t\t\t<\/div>\n\t\t\t\t<\/div>\n\t\t\t\t\t<\/div>\n\t\t<\/div>\n\t\t\t\t\t<\/div>\n\t\t<\/section>\n\t\t\t\t<section class=\"elementor-section elementor-top-section elementor-element elementor-element-446a499c elementor-section-content-middle elementor-section-boxed elementor-section-height-default elementor-section-height-default\" data-id=\"446a499c\" data-element_type=\"section\">\n\t\t\t\t\t\t<div class=\"elementor-container elementor-column-gap-no\">\n\t\t\t\t\t<div class=\"elementor-column elementor-col-50 elementor-top-column elementor-element elementor-element-351a43a3\" data-id=\"351a43a3\" data-element_type=\"column\">\n\t\t\t<div class=\"elementor-widget-wrap elementor-element-populated\">\n\t\t\t\t\t\t<div class=\"elementor-element elementor-element-87f4344 elementor-widget elementor-widget-heading\" data-id=\"87f4344\" data-element_type=\"widget\" data-widget_type=\"heading.default\">\n\t\t\t\t<div class=\"elementor-widget-container\">\n\t\t\t\t\t<h6 class=\"elementor-heading-title elementor-size-default\">Goran Kon\u010dar and Bruno Vlahek<\/h6>\t\t\t\t<\/div>\n\t\t\t\t<\/div>\n\t\t\t\t<div class=\"elementor-element elementor-element-3e710676 elementor-widget elementor-widget-heading\" data-id=\"3e710676\" data-element_type=\"widget\" data-widget_type=\"heading.default\">\n\t\t\t\t<div class=\"elementor-widget-container\">\n\t\t\t\t\t<h4 class=\"elementor-heading-title elementor-size-default\">The release <b>OTTAVA ALTA <\/b>presents works for the violin by three doyens of Croatian composing - Bruno Bjelinski, Stjepan \u0160ulek and Ivo Malec, performed by violinist Goran Kon\u010dar, pianist Bruno Vlahek and the Symphony Orchestra of the Croatian Radiotelevision under the conducting of Mo Nik\u0161a Bareza.<\/h4>\t\t\t\t<\/div>\n\t\t\t\t<\/div>\n\t\t\t\t<div class=\"elementor-element elementor-element-7175cafe elementor-widget elementor-widget-text-editor\" data-id=\"7175cafe\" data-element_type=\"widget\" data-widget_type=\"text-editor.default\">\n\t\t\t\t<div class=\"elementor-widget-container\">\n\t\t\t\t\t\t\t\t\tThe release <b>OTTAVA ALTA <\/b>presents works for the violin by three doyens of Croatian composing &#8211; Bruno Bjelinski, Stjepan \u0160ulek and Ivo Malec, performed by violinist Goran Kon\u010dar, pianist Bruno Vlahek and the Symphony Orchestra of the Croatian Radiotelevision under the conducting of Mo Nik\u0161a Bareza.\n\nThe true value of this program is that Goran Kon\u010dar has had the opportunity to prepare each performance of the compositions with the composer personally, according to their wishes and instructions. That makes him an active participant in these, as we may call it, historical performances! At the same time, these works were part of his standard repertoire while performing on the many stages of the world. They were recorded in the mentioned set-up for the first time in this release.\t\t\t\t\t\t\t\t<\/div>\n\t\t\t\t<\/div>\n\t\t\t\t<div class=\"elementor-element elementor-element-85f6b26 uael-ins-normal elementor-widget elementor-widget-uael-image-gallery\" data-id=\"85f6b26\" data-element_type=\"widget\" data-settings=\"{&quot;column_gap&quot;:{&quot;unit&quot;:&quot;px&quot;,&quot;size&quot;:10,&quot;sizes&quot;:[]},&quot;slides_to_show&quot;:5,&quot;slides_to_show_tablet&quot;:3,&quot;slides_to_show_mobile&quot;:2,&quot;slides_to_scroll&quot;:1,&quot;slides_to_scroll_tablet&quot;:1,&quot;slides_to_scroll_mobile&quot;:1,&quot;column_gap_tablet&quot;:{&quot;unit&quot;:&quot;px&quot;,&quot;size&quot;:&quot;&quot;,&quot;sizes&quot;:[]},&quot;column_gap_mobile&quot;:{&quot;unit&quot;:&quot;px&quot;,&quot;size&quot;:&quot;&quot;,&quot;sizes&quot;:[]}}\" data-widget_type=\"uael-image-gallery.default\">\n\t\t\t\t<div class=\"elementor-widget-container\">\n\t\t\t\t\t<div class=\"uael-gallery-parent uael-caption- uael-gallery-unjustified\"><div data-image_carousel=\"{&quot;slidesToShow&quot;:5,&quot;slidesToScroll&quot;:1,&quot;autoplaySpeed&quot;:5000,&quot;autoplay&quot;:false,&quot;infinite&quot;:false,&quot;pauseOnHover&quot;:true,&quot;speed&quot;:500,&quot;arrows&quot;:false,&quot;dots&quot;:false,&quot;rtl&quot;:false,&quot;responsive&quot;:[{&quot;breakpoint&quot;:1024,&quot;settings&quot;:{&quot;slidesToShow&quot;:3,&quot;slidesToScroll&quot;:1}},{&quot;breakpoint&quot;:767,&quot;settings&quot;:{&quot;slidesToShow&quot;:2,&quot;slidesToScroll&quot;:1}}]}\" class=\"uael-img-gallery-wrap uael-img-carousel-wrap uael-nav-none\" data-filter-default=\"All\"><div class=\"uael-grid-item  uael-img-gallery-item-1\"><div class=\"uael-grid-item-content\"><a class=\"uael-grid-img uael-grid-gallery-img uael-ins-hover elementor-clickable\" target=\"_blank\" rel=\"dofollow\" href=\"https:\/\/open.spotify.com\/album\/4AzKt3uXzCxhZmax5yQZLX\" data-elementor-open-lightbox=\"no\"><div class=\"uael-grid-img-thumbnail uael-ins-target\"><img fetchpriority=\"high\" decoding=\"async\" width=\"512\" height=\"288\" src=\"https:\/\/voxprimus.org\/wp-content\/uploads\/2021\/03\/Spotify-BW-v2.png\" class=\"attachment-medium_large size-medium_large wp-image-1217\" alt=\"\" srcset=\"https:\/\/voxprimus.org\/wp-content\/uploads\/2021\/03\/Spotify-BW-v2.png 512w, https:\/\/voxprimus.org\/wp-content\/uploads\/2021\/03\/Spotify-BW-v2-300x169.png 300w\" sizes=\"(max-width: 512px) 100vw, 512px\" \/><\/div><div class=\"uael-grid-img-overlay\"><\/div><\/a><\/div><\/div><div class=\"uael-grid-item  uael-img-gallery-item-2\"><div class=\"uael-grid-item-content\"><a class=\"uael-grid-img uael-grid-gallery-img uael-ins-hover elementor-clickable\" target=\"_blank\" rel=\"dofollow\" href=\"https:\/\/www.deezer.com\/album\/150719382?app_id=140685&amp;utm_source=partner_linkfire&amp;utm_campaign=c8461083af4171588c11b43f54e2877c&amp;utm_medium=Email&amp;utm_term=objective-stream&amp;utm_content=album-150719382\" data-elementor-open-lightbox=\"no\"><div class=\"uael-grid-img-thumbnail uael-ins-target\"><img decoding=\"async\" width=\"622\" height=\"350\" src=\"https:\/\/voxprimus.org\/wp-content\/uploads\/2020\/06\/Deezer-BW-1-1.png\" class=\"attachment-medium_large size-medium_large wp-image-690\" alt=\"\" srcset=\"https:\/\/voxprimus.org\/wp-content\/uploads\/2020\/06\/Deezer-BW-1-1.png 622w, https:\/\/voxprimus.org\/wp-content\/uploads\/2020\/06\/Deezer-BW-1-1-300x169.png 300w, https:\/\/voxprimus.org\/wp-content\/uploads\/2020\/06\/Deezer-BW-1-1-610x343.png 610w\" sizes=\"(max-width: 622px) 100vw, 622px\" \/><\/div><div class=\"uael-grid-img-overlay\"><\/div><\/a><\/div><\/div><div class=\"uael-grid-item  uael-img-gallery-item-3\"><div class=\"uael-grid-item-content\"><a class=\"uael-grid-img uael-grid-gallery-img uael-ins-hover elementor-clickable\" target=\"_blank\" rel=\"dofollow\" href=\"https:\/\/music.apple.com\/hr\/album\/ottava-alta\/1516797386\" data-elementor-open-lightbox=\"no\"><div class=\"uael-grid-img-thumbnail uael-ins-target\"><img decoding=\"async\" width=\"512\" height=\"288\" src=\"https:\/\/voxprimus.org\/wp-content\/uploads\/2020\/06\/Apple-Music-BW-1-1.png\" class=\"attachment-medium_large size-medium_large wp-image-692\" alt=\"\" srcset=\"https:\/\/voxprimus.org\/wp-content\/uploads\/2020\/06\/Apple-Music-BW-1-1.png 512w, https:\/\/voxprimus.org\/wp-content\/uploads\/2020\/06\/Apple-Music-BW-1-1-300x169.png 300w\" sizes=\"(max-width: 512px) 100vw, 512px\" \/><\/div><div class=\"uael-grid-img-overlay\"><\/div><\/a><\/div><\/div><div class=\"uael-grid-item  uael-img-gallery-item-4\"><div class=\"uael-grid-item-content\"><a class=\"uael-grid-img uael-grid-gallery-img uael-ins-hover elementor-clickable\" target=\"_blank\" rel=\"dofollow\" href=\"https:\/\/music.youtube.com\/playlist?list=OLAK5uy_nvZdJGHFRCHjhIAN5GrraPp3LWL7w-FjU&amp;src=Linkfire&amp;lId=f286c8d8-4d55-4898-899e-be5ba7c98d84&amp;cId=d86552f1-4c47-11e6-9fd0-066c3e7a8751\" data-elementor-open-lightbox=\"no\"><div class=\"uael-grid-img-thumbnail uael-ins-target\"><img loading=\"lazy\" decoding=\"async\" width=\"600\" height=\"338\" src=\"https:\/\/voxprimus.org\/wp-content\/uploads\/2020\/06\/Youtube-BW-1-1.png\" class=\"attachment-medium_large size-medium_large wp-image-694\" alt=\"\" srcset=\"https:\/\/voxprimus.org\/wp-content\/uploads\/2020\/06\/Youtube-BW-1-1.png 600w, https:\/\/voxprimus.org\/wp-content\/uploads\/2020\/06\/Youtube-BW-1-1-300x169.png 300w\" sizes=\"(max-width: 600px) 100vw, 600px\" \/><\/div><div class=\"uael-grid-img-overlay\"><\/div><\/a><\/div><\/div><div class=\"uael-grid-item  uael-img-gallery-item-5\"><div class=\"uael-grid-item-content\"><a class=\"uael-grid-img uael-grid-gallery-img uael-ins-hover elementor-clickable\" target=\"_blank\" rel=\"dofollow\" href=\"https:\/\/www.napster.com\/artist\/goran-konar\/album\/ottava-alta\" data-elementor-open-lightbox=\"no\"><div class=\"uael-grid-img-thumbnail uael-ins-target\"><img loading=\"lazy\" decoding=\"async\" width=\"512\" height=\"288\" src=\"https:\/\/voxprimus.org\/wp-content\/uploads\/2021\/03\/Napster-BW-v2.png\" class=\"attachment-medium_large size-medium_large wp-image-1219\" alt=\"\" srcset=\"https:\/\/voxprimus.org\/wp-content\/uploads\/2021\/03\/Napster-BW-v2.png 512w, https:\/\/voxprimus.org\/wp-content\/uploads\/2021\/03\/Napster-BW-v2-300x169.png 300w\" sizes=\"(max-width: 512px) 100vw, 512px\" \/><\/div><div class=\"uael-grid-img-overlay\"><\/div><\/a><\/div><\/div><\/div><\/div>\t\t\t\t<\/div>\n\t\t\t\t<\/div>\n\t\t\t\t\t<\/div>\n\t\t<\/div>\n\t\t\t\t<div class=\"elementor-column elementor-col-50 elementor-top-column elementor-element elementor-element-651d311e\" data-id=\"651d311e\" data-element_type=\"column\" data-settings=\"{&quot;background_background&quot;:&quot;classic&quot;}\">\n\t\t\t<div class=\"elementor-widget-wrap elementor-element-populated\">\n\t\t\t\t\t\t<section class=\"elementor-section elementor-inner-section elementor-element elementor-element-72b3462 elementor-section-boxed elementor-section-height-default elementor-section-height-default\" data-id=\"72b3462\" data-element_type=\"section\">\n\t\t\t\t\t\t<div class=\"elementor-container elementor-column-gap-no\">\n\t\t\t\t\t<div class=\"elementor-column elementor-col-100 elementor-inner-column elementor-element elementor-element-e6e9063\" data-id=\"e6e9063\" data-element_type=\"column\" data-settings=\"{&quot;background_background&quot;:&quot;classic&quot;}\">\n\t\t\t<div class=\"elementor-widget-wrap elementor-element-populated\">\n\t\t\t\t\t<div class=\"elementor-background-overlay\"><\/div>\n\t\t\t\t\t\t<div class=\"elementor-element elementor-element-aaa95c3 elementor-widget elementor-widget-image\" data-id=\"aaa95c3\" data-element_type=\"widget\" data-widget_type=\"image.default\">\n\t\t\t\t<div class=\"elementor-widget-container\">\n\t\t\t\t\t\t\t\t\t\t\t\t\t\t\t<img loading=\"lazy\" decoding=\"async\" width=\"739\" height=\"739\" src=\"https:\/\/voxprimus.org\/wp-content\/uploads\/2020\/04\/CD-Ottava-alta-naslovnica.jpg\" class=\"attachment-large size-large wp-image-403\" alt=\"\" srcset=\"https:\/\/voxprimus.org\/wp-content\/uploads\/2020\/04\/CD-Ottava-alta-naslovnica.jpg 739w, https:\/\/voxprimus.org\/wp-content\/uploads\/2020\/04\/CD-Ottava-alta-naslovnica-300x300.jpg 300w, https:\/\/voxprimus.org\/wp-content\/uploads\/2020\/04\/CD-Ottava-alta-naslovnica-150x150.jpg 150w\" sizes=\"(max-width: 739px) 100vw, 739px\" \/>\t\t\t\t\t\t\t\t\t\t\t\t\t\t\t<\/div>\n\t\t\t\t<\/div>\n\t\t\t\t\t<\/div>\n\t\t<\/div>\n\t\t\t\t\t<\/div>\n\t\t<\/section>\n\t\t\t\t<section class=\"elementor-section elementor-inner-section elementor-element elementor-element-471ed62 elementor-section-boxed elementor-section-height-default elementor-section-height-default\" data-id=\"471ed62\" data-element_type=\"section\">\n\t\t\t\t\t\t<div class=\"elementor-container elementor-column-gap-no\">\n\t\t\t\t\t<div class=\"elementor-column elementor-col-50 elementor-inner-column elementor-element elementor-element-a691372\" data-id=\"a691372\" data-element_type=\"column\" data-settings=\"{&quot;background_background&quot;:&quot;classic&quot;}\">\n\t\t\t<div class=\"elementor-widget-wrap elementor-element-populated\">\n\t\t\t\t\t\t<div class=\"elementor-element elementor-element-78906ff elementor-widget elementor-widget-image\" data-id=\"78906ff\" data-element_type=\"widget\" data-widget_type=\"image.default\">\n\t\t\t\t<div class=\"elementor-widget-container\">\n\t\t\t\t\t\t\t\t\t\t\t\t\t\t\t<img loading=\"lazy\" decoding=\"async\" width=\"1024\" height=\"684\" src=\"https:\/\/voxprimus.org\/wp-content\/uploads\/2020\/04\/DAK4105-1024x684.jpg\" class=\"attachment-large size-large wp-image-401\" alt=\"\" srcset=\"https:\/\/voxprimus.org\/wp-content\/uploads\/2020\/04\/DAK4105-1024x684.jpg 1024w, https:\/\/voxprimus.org\/wp-content\/uploads\/2020\/04\/DAK4105-300x200.jpg 300w, https:\/\/voxprimus.org\/wp-content\/uploads\/2020\/04\/DAK4105-768x513.jpg 768w, https:\/\/voxprimus.org\/wp-content\/uploads\/2020\/04\/DAK4105-1536x1025.jpg 1536w, https:\/\/voxprimus.org\/wp-content\/uploads\/2020\/04\/DAK4105.jpg 2000w\" sizes=\"(max-width: 1024px) 100vw, 1024px\" \/>\t\t\t\t\t\t\t\t\t\t\t\t\t\t\t<\/div>\n\t\t\t\t<\/div>\n\t\t\t\t\t<\/div>\n\t\t<\/div>\n\t\t\t\t<div class=\"elementor-column elementor-col-50 elementor-inner-column elementor-element elementor-element-6ce05a1\" data-id=\"6ce05a1\" data-element_type=\"column\" data-settings=\"{&quot;background_background&quot;:&quot;classic&quot;}\">\n\t\t\t<div class=\"elementor-widget-wrap elementor-element-populated\">\n\t\t\t\t\t\t<div class=\"elementor-element elementor-element-120f7f8 elementor-widget elementor-widget-image\" data-id=\"120f7f8\" data-element_type=\"widget\" data-widget_type=\"image.default\">\n\t\t\t\t<div class=\"elementor-widget-container\">\n\t\t\t\t\t\t\t\t\t\t\t\t\t\t\t<img loading=\"lazy\" decoding=\"async\" width=\"1024\" height=\"684\" src=\"https:\/\/voxprimus.org\/wp-content\/uploads\/2020\/04\/DAK4095-1024x684.jpg\" class=\"attachment-large size-large wp-image-395\" alt=\"\" srcset=\"https:\/\/voxprimus.org\/wp-content\/uploads\/2020\/04\/DAK4095-1024x684.jpg 1024w, https:\/\/voxprimus.org\/wp-content\/uploads\/2020\/04\/DAK4095-300x200.jpg 300w, https:\/\/voxprimus.org\/wp-content\/uploads\/2020\/04\/DAK4095-768x513.jpg 768w, https:\/\/voxprimus.org\/wp-content\/uploads\/2020\/04\/DAK4095-1536x1025.jpg 1536w, https:\/\/voxprimus.org\/wp-content\/uploads\/2020\/04\/DAK4095.jpg 2000w\" sizes=\"(max-width: 1024px) 100vw, 1024px\" \/>\t\t\t\t\t\t\t\t\t\t\t\t\t\t\t<\/div>\n\t\t\t\t<\/div>\n\t\t\t\t\t<\/div>\n\t\t<\/div>\n\t\t\t\t\t<\/div>\n\t\t<\/section>\n\t\t\t\t\t<\/div>\n\t\t<\/div>\n\t\t\t\t\t<\/div>\n\t\t<\/section>\n\t\t\t\t<section class=\"elementor-section elementor-top-section elementor-element elementor-element-d70fbb7 elementor-section-content-middle elementor-section-boxed elementor-section-height-default elementor-section-height-default\" data-id=\"d70fbb7\" data-element_type=\"section\">\n\t\t\t\t\t\t<div class=\"elementor-container elementor-column-gap-no\">\n\t\t\t\t\t<div class=\"elementor-column elementor-col-100 elementor-top-column elementor-element elementor-element-f08814f\" data-id=\"f08814f\" data-element_type=\"column\">\n\t\t\t<div class=\"elementor-widget-wrap elementor-element-populated\">\n\t\t\t\t\t\t<div class=\"elementor-element elementor-element-be42456 elementor-widget elementor-widget-heading\" data-id=\"be42456\" data-element_type=\"widget\" data-widget_type=\"heading.default\">\n\t\t\t\t<div class=\"elementor-widget-container\">\n\t\t\t\t\t<h5 class=\"elementor-heading-title elementor-size-default\">Voici un disque indispensable par l\u2019interpr\u00e9tation magistrale...<\/h5>\t\t\t\t<\/div>\n\t\t\t\t<\/div>\n\t\t\t\t<div class=\"elementor-element elementor-element-d207573 elementor-widget elementor-widget-text-editor\" data-id=\"d207573\" data-element_type=\"widget\" data-widget_type=\"text-editor.default\">\n\t\t\t\t<div class=\"elementor-widget-container\">\n\t\t\t\t\t\t\t\t\t<p><a href=\"https:\/\/www.resmusica.com\/2020\/05\/15\/tresors-meconnus-de-la-musique-croate-pour-violon-vox-primus\/\" target=\"_blank\" rel=\"noopener\"><span style=\"color: #d2232a;\">CHECK THE REVIEW&#8230;<\/span><\/a><\/p>\t\t\t\t\t\t\t\t<\/div>\n\t\t\t\t<\/div>\n\t\t\t\t\t<\/div>\n\t\t<\/div>\n\t\t\t\t\t<\/div>\n\t\t<\/section>\n\t\t\t\t<section class=\"elementor-section elementor-top-section elementor-element elementor-element-596c4de2 elementor-section-content-middle elementor-section-boxed elementor-section-height-default elementor-section-height-default\" data-id=\"596c4de2\" data-element_type=\"section\" data-settings=\"{&quot;background_background&quot;:&quot;classic&quot;,&quot;shape_divider_top&quot;:&quot;tilt&quot;}\">\n\t\t\t\t\t\t\t<div class=\"elementor-background-overlay\"><\/div>\n\t\t\t\t\t\t<div class=\"elementor-shape elementor-shape-top\" aria-hidden=\"true\" data-negative=\"false\">\n\t\t\t<svg xmlns=\"http:\/\/www.w3.org\/2000\/svg\" viewBox=\"0 0 1000 100\" preserveAspectRatio=\"none\">\n\t<path class=\"elementor-shape-fill\" d=\"M0,6V0h1000v100L0,6z\"\/>\n<\/svg>\t\t<\/div>\n\t\t\t\t\t<div class=\"elementor-container elementor-column-gap-no\">\n\t\t\t\t\t<div class=\"elementor-column elementor-col-100 elementor-top-column elementor-element elementor-element-13cf2fdb\" data-id=\"13cf2fdb\" data-element_type=\"column\">\n\t\t\t<div class=\"elementor-widget-wrap elementor-element-populated\">\n\t\t\t\t\t\t<div class=\"elementor-element elementor-element-732b3087 elementor-widget elementor-widget-heading\" data-id=\"732b3087\" data-element_type=\"widget\" data-widget_type=\"heading.default\">\n\t\t\t\t<div class=\"elementor-widget-container\">\n\t\t\t\t\t<h2 class=\"elementor-heading-title elementor-size-default\">About the program\n<\/h2>\t\t\t\t<\/div>\n\t\t\t\t<\/div>\n\t\t\t\t<section class=\"elementor-section elementor-inner-section elementor-element elementor-element-19821d2e elementor-section-content-top elementor-section-boxed elementor-section-height-default elementor-section-height-default\" data-id=\"19821d2e\" data-element_type=\"section\">\n\t\t\t\t\t\t<div class=\"elementor-container elementor-column-gap-no\">\n\t\t\t\t\t<div class=\"elementor-column elementor-col-50 elementor-inner-column elementor-element elementor-element-2c940300\" data-id=\"2c940300\" data-element_type=\"column\">\n\t\t\t<div class=\"elementor-widget-wrap elementor-element-populated\">\n\t\t\t\t\t\t<div class=\"elementor-element elementor-element-dfc7673 elementor-widget elementor-widget-image\" data-id=\"dfc7673\" data-element_type=\"widget\" data-widget_type=\"image.default\">\n\t\t\t\t<div class=\"elementor-widget-container\">\n\t\t\t\t\t\t\t\t\t\t\t\t\t\t\t<img loading=\"lazy\" decoding=\"async\" width=\"768\" height=\"768\" src=\"https:\/\/voxprimus.org\/wp-content\/uploads\/2020\/04\/Ottava-alta-naljepnica-130x130-1.jpg\" class=\"attachment-large size-large wp-image-424\" alt=\"\" srcset=\"https:\/\/voxprimus.org\/wp-content\/uploads\/2020\/04\/Ottava-alta-naljepnica-130x130-1.jpg 768w, https:\/\/voxprimus.org\/wp-content\/uploads\/2020\/04\/Ottava-alta-naljepnica-130x130-1-300x300.jpg 300w, https:\/\/voxprimus.org\/wp-content\/uploads\/2020\/04\/Ottava-alta-naljepnica-130x130-1-150x150.jpg 150w\" sizes=\"(max-width: 768px) 100vw, 768px\" \/>\t\t\t\t\t\t\t\t\t\t\t\t\t\t\t<\/div>\n\t\t\t\t<\/div>\n\t\t\t\t\t<\/div>\n\t\t<\/div>\n\t\t\t\t<div class=\"elementor-column elementor-col-50 elementor-inner-column elementor-element elementor-element-381e8acf\" data-id=\"381e8acf\" data-element_type=\"column\">\n\t\t\t<div class=\"elementor-widget-wrap elementor-element-populated\">\n\t\t\t\t\t\t<div class=\"elementor-element elementor-element-546c4a9e elementor-widget elementor-widget-text-editor\" data-id=\"546c4a9e\" data-element_type=\"widget\" data-widget_type=\"text-editor.default\">\n\t\t\t\t<div class=\"elementor-widget-container\">\n\t\t\t\t\t\t\t\t\t<p><b>Bruno Bjelinski <\/b>(Trieste, Nov 1st, 1909 \u2013 Silba, Sept 3rd, 1992) developed as a composer under the influence of his professors Blagoja Bersa, Franjo Dugan elder and Fran Lhotka. His artistic expression has always overflown with great ideas, playfulness, humor and a very human, friendly approach to his environment.<\/p><p>Bjelinski wrote the <b><i>First sonata for violin and piano<\/i><\/b> in 1933, during his studies at the Zagreb Music Academy. He revised it in 1976 and named it <b><i>The farewell sonata &#8211; in memoriam to Fran Lhotka<\/i><\/b>. In the same year the revised version was performed by violinist Goran Kon\u010dar and pianist Ida Gamulin at a Gala concert celebrating Bruno Bjelinski winning the <i>Vladimir Nazor <\/i>Award.<\/p><p>Although Bjelinski used a classic form for his <i>Sonata<\/i>, he skipped the slow movement and had slower, elegiac motifs appear in all three movements. In the first movement he brings forward the fundamental musical motifs and hints with its atmosphere at the theme of farewells. The same elements get built on in the classically composed <i>Allegro<\/i>, to then have a reappearance of the original theme in the <i>coda<\/i>. The second <i>Allegro scherzando<\/i> movement brings a playful virtuoso performance of both themes from the first movement, with another elegiac part in the middle. In the third movement <i>Allegro vivace<\/i> one can hear traces of folkloric motifs, even though they are still encased in a strict classical form. The sonata ends with a <i>coda <\/i>in morendo that represents the music notation of a goodbye. The clear, sometimes clashing harmonic structures as well as the playful rhythmic motifs present in all three movements, greatly opposing the elegiac, nostalgic themes, are a good summation of Bruno Bjelinski\u2019s whole approach to composition.<\/p>\t\t\t\t\t\t\t\t<\/div>\n\t\t\t\t<\/div>\n\t\t\t\t\t<\/div>\n\t\t<\/div>\n\t\t\t\t\t<\/div>\n\t\t<\/section>\n\t\t\t\t<section class=\"elementor-section elementor-inner-section elementor-element elementor-element-c0b8fcf elementor-section-content-top elementor-section-boxed elementor-section-height-default elementor-section-height-default\" data-id=\"c0b8fcf\" data-element_type=\"section\">\n\t\t\t\t\t\t<div class=\"elementor-container elementor-column-gap-no\">\n\t\t\t\t\t<div class=\"elementor-column elementor-col-50 elementor-inner-column elementor-element elementor-element-4734ac5\" data-id=\"4734ac5\" data-element_type=\"column\">\n\t\t\t<div class=\"elementor-widget-wrap elementor-element-populated\">\n\t\t\t\t\t\t<div class=\"elementor-element elementor-element-7fdd24d elementor-widget elementor-widget-text-editor\" data-id=\"7fdd24d\" data-element_type=\"widget\" data-widget_type=\"text-editor.default\">\n\t\t\t\t<div class=\"elementor-widget-container\">\n\t\t\t\t\t\t\t\t\t<p><b>Stjepan \u0160ulek <\/b>(Zagreb, Oct 5th, 1914 \u2013 Jan 16th, 1986) studied the violin at the Zagreb Music Academy under Vaclav Huml and was occasionally instructed in composition by Blagoja Bersa. He acted as a chamber musician (piano trio with Ivan Ma\u010dek and Antonio Janigro, the first violinist in the Zagreb quartet) and as a conductor for the RTV Zagreb Chamber Orchestra, and from 1947 he worked as a composition professor at the Zagreb Music Academy. By teaching generations of contemporary Croatian composers, \u0160ulek greatly contributed to raising the standard of composing in Croatia. His own works are characterized by high professionalism and a flawless composing skill.<\/p><p>\u0160ulek is primarily a neoclassicist by style, although in reality he synthesizes baroque structure, classic forms and a romantic expression. Harmonically he stayed in the framework of the key \/ tonality.<\/p><p>\u0160ulek wrote the <i>Violin sonata<\/i> in 1972 and performed it himself for the premiere. Although the violin opposes the piano with its seductive, romantic themes, the suspense within the three-movement classic form brings a post-modern richness to the sound. Chromatic modulations underline \u0160ulek\u2019s personal composition style, but with a subjective approach to the sound of the violin, his personal instrument.<\/p><p>At the same time he performed the <i>Sonata <\/i>Goran Kon\u010dar also recorded \u0160ulek\u2019s string quartets and <i>Omage a Vaclav Huml<\/i> with the Zagreb Quartet, as well as the <i>Violin concert <\/i>with the Zagreb Philharmonic under the conductor Pavle De\u0161palj and the Symphony Orchestra of HRT under the leadership of Nik\u0161a Bareza.<\/p><p>The <i>Sonata<\/i> was recorded on Stjepan \u0160ulek\u2019s violin, which can be found today in his inheritance in the <i>Stjepan \u0160ulek<\/i> Fondation, which has been giving awards in his name from 1993. The Award is symbolically connected to two of \u0160ulek\u2019s greatest artistic activities, so every year the award alternates between best composer and best violinist, representing an acknowledgement of the accomplishments of young musicians for their work, but also encouragement for further growth.<\/p><p>For his amazing contribution to our music culture, both as a composer and as a teacher, he received the <i>Vladimir Nazor<\/i> Award for his life\u2019s work in 1973.<\/p>\t\t\t\t\t\t\t\t<\/div>\n\t\t\t\t<\/div>\n\t\t\t\t\t<\/div>\n\t\t<\/div>\n\t\t\t\t<div class=\"elementor-column elementor-col-50 elementor-inner-column elementor-element elementor-element-8f469bb\" data-id=\"8f469bb\" data-element_type=\"column\">\n\t\t\t<div class=\"elementor-widget-wrap elementor-element-populated\">\n\t\t\t\t\t\t<div class=\"elementor-element elementor-element-0770d15 elementor-widget elementor-widget-text-editor\" data-id=\"0770d15\" data-element_type=\"widget\" data-widget_type=\"text-editor.default\">\n\t\t\t\t<div class=\"elementor-widget-container\">\n\t\t\t\t\t\t\t\t\t<p><b>Ivo Malec<\/b> (Zagreb, Mar 30th, 1925 &#8211; Paris Aug 14th, 2019) was a composer and conductor, who finished his studies in composition under Milo Cipra as well as conduction at the Zagreb Music Academy, and further studied under O. Messiaen in Paris. In 1959 he moved to Paris where he met Pierre Schaeffer, Darius Milhaud and Andr\u00e9 Jolivet, and worked in the Groupe de Recherches Musicales GRM from 1960 to 1990. At that time he created the compositions <i>Tutti <\/i>(1962), <i>Cantate pour elle <\/i>(1966), <i>Lumina <\/i>(1968) and <i>Attacca <\/i>(1986). He found a unique convergence of technique and technology there, ideally suited for his creative needs, and the exploration and experimentation with sound in those early years can be seen in his masterful works from the 90s, such as <i>Exempla <\/i>(1994), <i>Sonoris causa<\/i> (1997) and perhaps his most interesting work the <b><i>Concert for violin and orchestra Ottava alta<\/i><\/b> (1995), a composition that explores the furthest capabilities of the classic violin in its highest register. <b><i>Ottava alta <\/i><\/b>was a turning point in the entire composing world for the violin at the end of the 20th century. The many effects and the overflow of the sound colours from the soloist to each of the members of the ensamble make the composition remarkably complex. The violin, timpani and percussion canon, as well as the carrying of the main music ideas from solo parts to the whole group of instruments make this <i>Concert <\/i>a nearly unique example of a perfect avant-garde composition, experienced within his own identity and the time in which it was created.<\/p><p>The <i>Concert <\/i>was performed by Rapha\u00ebl Oleg and the RTL Orchestra for its premiere, under the direction of the composer himself on December 14th, 1995 in Luxembourg.<\/p><p>The violinist Goran Kon\u010dar and the HRT SO performed the premiere of the <i>Concert <\/i>in 1998, under the guidance of mo Nik\u0161a Bareza, when a studio recording was also made featuring the composer himself as music producer. As an advisor, he helped the concert be performed exactly the way he intended it to be.<\/p><p>Ivo Malec worked as a composition professor at the Conservatoire National Sup\u00e9rieur de Musique from 1972 to 1990, succeeding his friend, composer Henri Dutilleux, and educating a number of young composers who would go on to become the new generation of French music. He won many awards, amongst which were the City of Zagreb Award (1957); <i>Grand Prix du disque<\/i> (five times); <i>Grand Prix de la Sacem<\/i> (1975); <i>Grand Prix National de la Musique <\/i>(1992); <i>Chevalier dans l\u2019Ordre National de la L\u00e9gion d\u2019Honneur<\/i>; <i>Chevalier dans l\u2019Ordre National du M\u00e9rite<\/i>, <i>Commandeur dans l\u2019Ordre des Arts et Lettres<\/i>, <i>Prix de l\u2019Acad\u00e9mie des Beaux\u2013Arts <\/i>(2010) and <i>Grand Prix International Arthur Honegger<\/i> (2010). His compositions were published by Salabert, Breitkopf &amp; H\u00e4rtel and Ricordi, and the discographic edition by Philips, Harmonia Mundi, Erato and Ina-GRM.<\/p>\t\t\t\t\t\t\t\t<\/div>\n\t\t\t\t<\/div>\n\t\t\t\t\t<\/div>\n\t\t<\/div>\n\t\t\t\t\t<\/div>\n\t\t<\/section>\n\t\t\t\t\t<\/div>\n\t\t<\/div>\n\t\t\t\t\t<\/div>\n\t\t<\/section>\n\t\t\t\t<section class=\"elementor-section elementor-top-section elementor-element elementor-element-403a5c0 elementor-section-content-middle elementor-section-boxed elementor-section-height-default elementor-section-height-default\" data-id=\"403a5c0\" data-element_type=\"section\" data-settings=\"{&quot;background_background&quot;:&quot;classic&quot;,&quot;shape_divider_top&quot;:&quot;tilt&quot;}\">\n\t\t\t\t\t\t\t<div class=\"elementor-background-overlay\"><\/div>\n\t\t\t\t\t\t<div class=\"elementor-shape elementor-shape-top\" aria-hidden=\"true\" data-negative=\"false\">\n\t\t\t<svg xmlns=\"http:\/\/www.w3.org\/2000\/svg\" viewBox=\"0 0 1000 100\" preserveAspectRatio=\"none\">\n\t<path class=\"elementor-shape-fill\" d=\"M0,6V0h1000v100L0,6z\"\/>\n<\/svg>\t\t<\/div>\n\t\t\t\t\t<div class=\"elementor-container elementor-column-gap-no\">\n\t\t\t\t\t<div class=\"elementor-column elementor-col-100 elementor-top-column elementor-element elementor-element-21418f2\" data-id=\"21418f2\" data-element_type=\"column\">\n\t\t\t<div class=\"elementor-widget-wrap elementor-element-populated\">\n\t\t\t\t\t\t<div class=\"elementor-element elementor-element-1f60979 elementor-widget elementor-widget-heading\" data-id=\"1f60979\" data-element_type=\"widget\" data-widget_type=\"heading.default\">\n\t\t\t\t<div class=\"elementor-widget-container\">\n\t\t\t\t\t<h2 class=\"elementor-heading-title elementor-size-default\">About the performers<\/h2>\t\t\t\t<\/div>\n\t\t\t\t<\/div>\n\t\t\t\t<section class=\"elementor-section elementor-inner-section elementor-element elementor-element-52c9361 elementor-section-content-top elementor-section-boxed elementor-section-height-default elementor-section-height-default\" data-id=\"52c9361\" data-element_type=\"section\">\n\t\t\t\t\t\t<div class=\"elementor-container elementor-column-gap-no\">\n\t\t\t\t\t<div class=\"elementor-column elementor-col-100 elementor-inner-column elementor-element elementor-element-0407dee\" data-id=\"0407dee\" data-element_type=\"column\">\n\t\t\t<div class=\"elementor-widget-wrap elementor-element-populated\">\n\t\t\t\t\t\t<div class=\"elementor-element elementor-element-9de9e1e elementor-widget elementor-widget-heading\" data-id=\"9de9e1e\" data-element_type=\"widget\" data-widget_type=\"heading.default\">\n\t\t\t\t<div class=\"elementor-widget-container\">\n\t\t\t\t\t<h4 class=\"elementor-heading-title elementor-size-default\">Goran Kon\u010dar<\/h4>\t\t\t\t<\/div>\n\t\t\t\t<\/div>\n\t\t\t\t<div class=\"elementor-element elementor-element-027805c elementor-widget elementor-widget-text-editor\" data-id=\"027805c\" data-element_type=\"widget\" data-widget_type=\"text-editor.default\">\n\t\t\t\t<div class=\"elementor-widget-container\">\n\t\t\t\t\t\t\t\t\t<p>Goran Kon\u010dar (b. 1954), one of the most prominent Croatian violinists, studied at the Music Academy in Zagreb with Martin Bari\u0107 and Josip Klima and obtained a master\u2019s degree in the class of Leonid Kogan at the Tchaikovsky Conservatory in Moscow in 1978. He also studied with Max Rostal in Bern and Henryk Szeryng in Geneva, then with Yfrah Neaman in London. He was Neaman\u2019s assistant at the Guildhall School of Music from 1981 to 1983. He has been teaching at the Zagreb Music Academy since 1988 and has held master classes in Madrid, Berlin, Turin, Milan, Sidney, Tokyo, Beijing, Stellenbosch and elsewhere. In 2004, he started the LAUS Summer Academy in Dubrovnik together with the world\u2019s greatest violinists (Zakhar Bron, Viktor Tretyakov, Dmitry Sitkovetsky, Leonid Sorokow).<\/p><p>His international solo career began in 1982 with guest performances in the majority of European countries, as well as the USA, Japan, Korea and Israel. From 1984 to 1994 he was the concertmaster of the Royal Philharmonic Orchestra in London, the Croatian Radio Television Symphonic Orchestra and Zagreb Philharmonic. He has performed with renowned orchestras and conductors all over the world.<\/p><p>He won first and special prizes at national competitions, as well as the <i>Music Life Award<\/i> in Moscow (1980) for his performance of Shostakovich\u2019s<i> Concerto for violin and orchestra<\/i>, the first prize at the International Competition in Bratislava (1984) and numerous other accolades. Among the awards received the <i>Vladimir Nazor <\/i>Award (2006) holds a prominent place.<\/p><p>In his solo and educational activities he is particularly dedicated to interpretations of works by Johann Sebastian Bach (solo sonatas and partitas), as well as to the repertoire created with Max Rostal (W. A. Mozart and the French Bruch, E. Bloch, F. Mendelssohn), Yfrah Neaman (J. S. Bach, M. Bruch, E. Bloch, F. Mendelssohn) and Leonid Kogan (Russian literature-P. I. Tchaikovsky, A. Glazunov, A. Khachaturian, S. Prokofiev and D. Shostakovich, the performance of whose works he was the first foreigner to receive a Russian award for). He pays special attention to the performances of the classics of the 20th century (B. Bartok, B. Martin, S. Gubaidulin, A. Nilsson, K. Goldmark) and contemporary pieces, which is why numerous composers have dedicated their works to him (Boris Papandopulo, Milko Kelemen, Giuseppe Gavazza, D. Holloway, Ivo Malec).<\/p><p>His first record was released by EMI in 1984 in London, and he also recorded for the BBC, CBS, France Musique, HRT and other radio and TV stations. Croatia Records released one of the rare integral performances of Eug\u00e8ne Ysa\u00ffe\u2019s violin sonatas.<\/p><p>From 1987 to 2012 he managed the <b><i>Zagreb Quartet <\/i><\/b>and for a full quarter of a century his skill and art were part of this oldest Croatian and European chamber ensemble.<\/p><p>The <b><i>Zagreb Quartet<\/i><\/b> was established as far back as 1919, and for a period of one century it was the basis of the tradition of chamber music making in Croatia; in this tradition Goran Kon\u010dar is certainly one of its pivotal personalities. During this period he appeared in more than 2000 concerts, and under his guidance the <i>Zagreb Quartet <\/i>had more than 1000 performances, appearing on all continents in the best known concert halls of the world, and cooperated with a large number of Croatian and foreign soloists. Kon\u010dar also played the majority of first performances of works composed by Croatian composers written for the string quartet and he also published 15 albums. Under Kon\u010dar\u2019s guidance the <i>Zagreb Quartet <\/i>performed all quartets composed by Shostakovich, Mozart, Prokofiev, Jan\u00e1\u010dek, the majority of Haydn\u2019s quartets and all quintets.<\/p><p>Professionally, he is dedicated to studying the sound of historical instruments and raising awareness of the value of tonal wood from Croatia and Bosnia that was used to make the most valuable instruments. In order to promote Croatian makers of string instruments, in 2005 he initiated the founding of the Croatian Association of Professional Makers and Restorers of String Instruments.<\/p><p>For a number of years he played on Giovanni Battista Guadagninis\u2019 violin which the Croatian violinist and composer Stjepan \u0160ulek left to the Stjepan \u0160ulek Foundation as well as on the violin King by Giuseppe Guarneri del Ges\u00f9 from 1735 that is in possession of the Croatian Academy of Sciences and Arts (HAZU).<\/p><p><strong><a href=\"http:\/\/www.goran-koncar.org\" target=\"_blank\" rel=\"noopener\"><span style=\"color: #d2232a;\">www.goran-koncar.org<\/span><\/a><\/strong><\/p>\t\t\t\t\t\t\t\t<\/div>\n\t\t\t\t<\/div>\n\t\t\t\t<div class=\"elementor-element elementor-element-c411711 elementor-widget elementor-widget-heading\" data-id=\"c411711\" data-element_type=\"widget\" data-widget_type=\"heading.default\">\n\t\t\t\t<div class=\"elementor-widget-container\">\n\t\t\t\t\t<h4 class=\"elementor-heading-title elementor-size-default\">Bruno Vlahek<\/h4>\t\t\t\t<\/div>\n\t\t\t\t<\/div>\n\t\t\t\t<div class=\"elementor-element elementor-element-4d365eb elementor-widget elementor-widget-text-editor\" data-id=\"4d365eb\" data-element_type=\"widget\" data-widget_type=\"text-editor.default\">\n\t\t\t\t<div class=\"elementor-widget-container\">\n\t\t\t\t\t\t\t\t\t<p><b>Bruno Vlahek <\/b>was born 1986 in Zagreb, where he graduated piano in Vladimir Krpan\u2019s class as one of the youngest students in history of the Music Academy. He pursued postgraduate studies at the Conservatoire de Lausanne with Jean-Fran\u00e7ois Antonioli and at the Hochschule f\u00fcr Musik in Cologne with Vassily Lobanov, where he also studied composition and improvisation. From 2010-13, he was guided by legendary Dmitri Bashkirov at the Queen Sof\u00eda College of Music in Madrid. Vlahek won the first prizes at the international piano competitions <i>Alexander Scriabin<\/i> in Paris 2010 and <i>Ricard Vi\u00f1es<\/i> in Lleida 2008; was laureate of the 6th <i>China Shanghai International Piano Competition <\/i>2012, EPTA International Piano Competition <i>Svetislav Stancic <\/i>in Zagreb 2007, received the title of Young Musician of The Year 2010 in Croatia, and won prizes such as Swiss <i>Prix Paderewski,<\/i> Y<i>amaha Foundation&#8217;s Award<\/i> in Madrid, <i>Pnina Salzman <\/i>Memorial Award in Israel and <i>Artists on Globe Award<\/i> 2014. For his achievements he was awarded the <i>Honorary Diploma<\/i> of Her Majesty Queen Sof\u00eda of Spain.\u00a0<\/p><p>He regularly gives recitals and appears with leading orchestras throughout Europe, Asia, Africa, South America, Russia and Israel. He performed in prestigious halls such as Palau de la M\u00fasica Catalana in Barcelona, Liszt Academy in Budapest, Auditorio Nacional de M\u00fasica in Madrid, Gasteig in Munich, Mozarteum in Salzburg, Tel Aviv Museum of Art, Shanghai Concert Hall, Seoul Arts Centre, and at the festivals of Bolzano, Dubrovnik, Moscow, Palma de Mallorca, Dar es Salaam and Verbier.\u00a0<\/p><p>In 2008 he recorded Saint-Sa\u00ebns&#8217; <i>2nd Piano Concerto<\/i> with Orchestre de Chambre de Lausanne for Radio Suisse Romande. He has composed more than 40 orchestral, chamber, solo and choral works of various genres which have been performed in European music centres (Amsterdam, Berlin, Lisbon, London, Moscow, Prague, Vienna, St. Petersburg), in North and South America, China, South Korea, and at the ISCM\u2019s World New Music Days 2010 in Sydney (Australia). In 2012 he won the 1st prize at the XXXIII International competition for Organ works <i>Cristobal Halffte<\/i>r in Spain. His works have been published in United Kingdom and USA.<\/p><p><a href=\"http:\/\/www.brunovlahek.com\" target=\"_blank\" rel=\"noopener\"><strong><span style=\"color: #d2232a;\">www.brunovlahek.com<\/span><\/strong><\/a><\/p>\t\t\t\t\t\t\t\t<\/div>\n\t\t\t\t<\/div>\n\t\t\t\t\t<\/div>\n\t\t<\/div>\n\t\t\t\t\t<\/div>\n\t\t<\/section>\n\t\t\t\t<section class=\"elementor-section elementor-inner-section elementor-element elementor-element-62b76fa elementor-section-content-top elementor-section-boxed elementor-section-height-default elementor-section-height-default\" data-id=\"62b76fa\" data-element_type=\"section\">\n\t\t\t\t\t\t<div class=\"elementor-container elementor-column-gap-no\">\n\t\t\t\t\t<div class=\"elementor-column elementor-col-50 elementor-inner-column elementor-element elementor-element-88b9767\" data-id=\"88b9767\" data-element_type=\"column\">\n\t\t\t<div class=\"elementor-widget-wrap elementor-element-populated\">\n\t\t\t\t\t\t<div class=\"elementor-element elementor-element-591bbd3 elementor-widget elementor-widget-heading\" data-id=\"591bbd3\" data-element_type=\"widget\" data-widget_type=\"heading.default\">\n\t\t\t\t<div class=\"elementor-widget-container\">\n\t\t\t\t\t<h4 class=\"elementor-heading-title elementor-size-default\">Nik\u0161a Bareza<\/h4>\t\t\t\t<\/div>\n\t\t\t\t<\/div>\n\t\t\t\t<div class=\"elementor-element elementor-element-425826d elementor-widget elementor-widget-text-editor\" data-id=\"425826d\" data-element_type=\"widget\" data-widget_type=\"text-editor.default\">\n\t\t\t\t<div class=\"elementor-widget-container\">\n\t\t\t\t\t\t\t\t\t<p>Conductor <b>Niksa Bareza<\/b>, longtime chief conductor of the HRT Symphonic Orchestra, first studied with Milan Sachs, Hermann Scherchen and Herbert von Karajan, then collaborated with great conductors such as Lovro pl. Maticic, Ferdinand Leitner, Otmar Suitner and Nikolaus Harnoncourt. He was the first conductor and director of the Opera of the Croatian National Theater in Zagreb, and later he was a permanent conductor of the Opera in Zurich, Petrograd and Graz, where he was also the chief conductor of the Philharmonic Orchestra. He regularly performs at leading European opera houses (Hamburg, Milan, Paris, Vienna, Berlin, Munich, Frankfurt, Dresden, Leipzig, Prague, Bologna, Florence, Parma, Trieste, Oslo, etc.). From 2001 to 2007 he was the chief conductor of the Opera and Philharmonic of Robert Schumann in Chemnitz, and for several seasons the music director of the city. He is also a regular guest of many international concert stages where he collaborates with leading European orchestras. He is particularly committed to contemporary music, but he pays great attention to the Croatian musical heritage and new achievements of local composers. The recordings of Wagner&#8217;s <i>Ring of Nibelung<\/i> and the opera <i>Il Campiello <\/i>by Ermann Wolf-Ferrari (played by the Trieste Opera <i>Verdi<\/i>), for which he won the platinum discography medal in Paris, are particularly noteworthy in his discography. The compact disc of the <i>Alpine Symphony<\/i> by Richard Strauss, performed by the HRT Symphony Orchestra under Bareza&#8217;s conducting, is particularly noted in Croatian discography. A number of awards and recognitions include the<i> Porin <\/i>Lifetime Achievement Award (2008) and the prestigious<i> Mozart <\/i>award from the Chemnitz Association in recognition of his continued engagement, as well as recognition for his professional and sensible interpretation of music.<\/p>\t\t\t\t\t\t\t\t<\/div>\n\t\t\t\t<\/div>\n\t\t\t\t\t<\/div>\n\t\t<\/div>\n\t\t\t\t<div class=\"elementor-column elementor-col-50 elementor-inner-column elementor-element elementor-element-feae737\" data-id=\"feae737\" data-element_type=\"column\">\n\t\t\t<div class=\"elementor-widget-wrap elementor-element-populated\">\n\t\t\t\t\t\t<div class=\"elementor-element elementor-element-da0f492 elementor-widget elementor-widget-heading\" data-id=\"da0f492\" data-element_type=\"widget\" data-widget_type=\"heading.default\">\n\t\t\t\t<div class=\"elementor-widget-container\">\n\t\t\t\t\t<h4 class=\"elementor-heading-title elementor-size-default\">Croatian Radio Television Symphonic Orchestra<\/h4>\t\t\t\t<\/div>\n\t\t\t\t<\/div>\n\t\t\t\t<div class=\"elementor-element elementor-element-642aea5 elementor-widget elementor-widget-text-editor\" data-id=\"642aea5\" data-element_type=\"widget\" data-widget_type=\"text-editor.default\">\n\t\t\t\t<div class=\"elementor-widget-container\">\n\t\t\t\t\t\t\t\t\t<p><b>Croatian Radio Television Symphonic Orchestra <\/b>started its activity in 1930, just four years after the beginning of the former Radio Zagreb broadcast. In 1951 the Chamber Orchestra of Radio Zagreb was founded, gaining recognition at home and abroad under its first conductor Antonio Janigro (after whom it was led by Stjepan \u0160ulek and Pavle De\u0161palj). The Orchestra gradually grew to a Symphonic orchestra; from 1957 it began to act under the name of the Symphonic Orchestra of Radio-Television Zagreb, and from 1975 until 1990 it was called the Zagreb Symphonic, and from 1991 it had its current title. Many prominent conductors stood at the head of the orchestra : Pavle De\u0161palj, Kre\u0161imir \u0160ipu\u0161, Josef Daniel, Oskar Danon, Milan Horvat, Uro\u0161 Lajovic, Vladimir Kranj\u010devi\u0107 and Nik\u0161a Bareza. Among the many conductors and soloists with whom the ensemble worked were Lovro von Mata\u010di\u0107, Igor Markevic, Franz Konwitschny, Claudio Abbado, Lorin Maazel, Zubin Mehta, Ernst Bour, Stjepan \u0160ulek, Arnold Katz, Krzysztof Penderecki, Antonio Janigro, Andr\u00e9 Navarra, Leonid Kogan, Henryk Szeryng, Aldo Ciccolini, Ru\u017ea Pospi\u0161-Baldani, Dunja Vejzovi\u0107, Dubravka Tom\u0161i\u010d-Srebotnjak, Rudolf Klepac, Ivo Pogoreli\u0107, Mstislav Rostropovich, Maxim Fedotov, Edita Gruber, Jos\u00e9 Carreras, Ruggero Raimondi, Barbara Hendricks, Luciano Pavarotti and others. In addition to regular concert work in Zagreb, and the obligation to regularly operate in radio and television programs, the Orchestra tours throughout the country and abroad. At these tours the Orchestra experienced universal recognition and became the cultural ambassador of Croatia in the world. At the beginning of the Homeland War, the Symphonic Orchestra musicians put their skills and talents into service for the country. Dozens of concerts were held in the towns where battles took place, from Pakrac, Lipik, \u0110akovo, Gospi\u0107, Vinkovci to \u0160ibenik, Zadar, Karlovac, and even Sarajevo. With a classic and contemporary repertoire, performed in concerts and recordings for radio, television and record companies, the Orchestra pays special attention to the Croatian musical heritage and contemporary repertoire. In its interesting discographic opus, especially notable are the author compact discs of composers Stjepan \u0160ulek, Milko Kelemen and Miro Belamari\u0107, a series of 5 CDs dedicated to the chief conductors of the Orchestra, the Alp symphony by Richard Strauss and a record with the works of italian composer Gino Marinuzzi the older (both of the latter under the conducting of Nik\u0161a Bareza).<\/p>\t\t\t\t\t\t\t\t<\/div>\n\t\t\t\t<\/div>\n\t\t\t\t\t<\/div>\n\t\t<\/div>\n\t\t\t\t\t<\/div>\n\t\t<\/section>\n\t\t\t\t\t<\/div>\n\t\t<\/div>\n\t\t\t\t\t<\/div>\n\t\t<\/section>\n\t\t\t\t<\/div>\n\t\t","protected":false},"excerpt":{"rendered":"<p>About the project Ottava alta Goran Kon\u010dar and Bruno Vlahek The release OTTAVA ALTA presents works for the violin by three doyens of Croatian composing &#8211; Bruno Bjelinski, Stjepan \u0160ulek and Ivo Malec, performed by violinist Goran Kon\u010dar, pianist Bruno Vlahek and the Symphony Orchestra of the Croatian Radiotelevision under the conducting of Mo Nik\u0161a [&hellip;]<\/p>\n","protected":false},"author":2,"featured_media":0,"parent":0,"menu_order":0,"comment_status":"closed","ping_status":"closed","template":"","meta":{"_uag_custom_page_level_css":"","site-sidebar-layout":"no-sidebar","site-content-layout":"page-builder","ast-site-content-layout":"default","site-content-style":"default","site-sidebar-style":"default","ast-global-header-display":"","ast-banner-title-visibility":"","ast-main-header-display":"","ast-hfb-above-header-display":"","ast-hfb-below-header-display":"","ast-hfb-mobile-header-display":"","site-post-title":"disabled","ast-breadcrumbs-content":"","ast-featured-img":"disabled","footer-sml-layout":"","theme-transparent-header-meta":"default","adv-header-id-meta":"","stick-header-meta":"default","header-above-stick-meta":"","header-main-stick-meta":"","header-below-stick-meta":"","astra-migrate-meta-layouts":"default","ast-page-background-enabled":"default","ast-page-background-meta":{"desktop":{"background-color":"","background-image":"","background-repeat":"repeat","background-position":"center center","background-size":"auto","background-attachment":"scroll","background-type":"","background-media":"","overlay-type":"","overlay-color":"","overlay-opacity":"","overlay-gradient":""},"tablet":{"background-color":"","background-image":"","background-repeat":"repeat","background-position":"center center","background-size":"auto","background-attachment":"scroll","background-type":"","background-media":"","overlay-type":"","overlay-color":"","overlay-opacity":"","overlay-gradient":""},"mobile":{"background-color":"","background-image":"","background-repeat":"repeat","background-position":"center center","background-size":"auto","background-attachment":"scroll","background-type":"","background-media":"","overlay-type":"","overlay-color":"","overlay-opacity":"","overlay-gradient":""}},"ast-content-background-meta":{"desktop":{"background-color":"var(--ast-global-color-5)","background-image":"","background-repeat":"repeat","background-position":"center center","background-size":"auto","background-attachment":"scroll","background-type":"","background-media":"","overlay-type":"","overlay-color":"","overlay-opacity":"","overlay-gradient":""},"tablet":{"background-color":"var(--ast-global-color-5)","background-image":"","background-repeat":"repeat","background-position":"center center","background-size":"auto","background-attachment":"scroll","background-type":"","background-media":"","overlay-type":"","overlay-color":"","overlay-opacity":"","overlay-gradient":""},"mobile":{"background-color":"var(--ast-global-color-5)","background-image":"","background-repeat":"repeat","background-position":"center center","background-size":"auto","background-attachment":"scroll","background-type":"","background-media":"","overlay-type":"","overlay-color":"","overlay-opacity":"","overlay-gradient":""}},"footnotes":""},"class_list":["post-559","page","type-page","status-publish","hentry"],"spectra_custom_meta":{"_alp_processed":["1668813150"],"_wp_page_template":["default"],"_wpml_media_featured":["1","1"],"_wpml_media_duplicate":["1","1"],"site-post-title":["disabled"],"site-sidebar-layout":["no-sidebar"],"site-content-layout":["page-builder"],"ast-featured-img":["disabled"],"_yoast_wpseo_content_score":["30"],"_elementor_edit_mode":["builder"],"_astra_content_layout_flag":["disabled"],"ast-title-bar-display":["disabled"],"_elementor_data":["[{\"id\":\"cc06a10\",\"elType\":\"section\",\"settings\":{\"gap\":\"no\",\"background_background\":\"classic\",\"background_color\":\"rgba(131,149,149,0.05)\",\"padding\":{\"unit\":\"px\",\"top\":\"25\",\"right\":\"0\",\"bottom\":\"25\",\"left\":\"0\",\"isLinked\":false},\"padding_tablet\":{\"unit\":\"px\",\"top\":\"75\",\"right\":\"25\",\"bottom\":\"25\",\"left\":\"25\",\"isLinked\":false},\"padding_mobile\":{\"unit\":\"px\",\"top\":\"50\",\"right\":\"20\",\"bottom\":\"20\",\"left\":\"20\",\"isLinked\":false},\"display_condition_list\":[{\"display_condition_login_status\":\"subscriber\",\"_id\":\"861e0a4\"}]},\"elements\":[{\"id\":\"ff87637\",\"elType\":\"column\",\"settings\":{\"_column_size\":100,\"display_condition_list\":[{\"display_condition_login_status\":\"subscriber\",\"_id\":\"0b5771d\"}]},\"elements\":[{\"id\":\"fa03338\",\"elType\":\"widget\",\"settings\":{\"title\":\"About the project\",\"header_size\":\"h6\",\"align\":\"left\",\"display_condition_list\":[{\"display_condition_login_status\":\"subscriber\",\"_id\":\"4a67860\"}]},\"elements\":[],\"widgetType\":\"heading\"},{\"id\":\"bfe8f4d\",\"elType\":\"widget\",\"settings\":{\"title\":\"Ottava alta\",\"header_size\":\"h1\",\"align\":\"left\",\"_padding\":{\"unit\":\"px\",\"top\":\"0\",\"right\":\"0\",\"bottom\":\"0\",\"left\":\"0\",\"isLinked\":true},\"display_condition_list\":[{\"display_condition_login_status\":\"subscriber\",\"_id\":\"a9639d0\"}]},\"elements\":[],\"widgetType\":\"heading\"}],\"isInner\":false}],\"isInner\":false},{\"id\":\"446a499c\",\"elType\":\"section\",\"settings\":{\"gap\":\"no\",\"content_position\":\"middle\",\"structure\":\"20\",\"padding\":{\"unit\":\"px\",\"top\":\"100\",\"right\":\"0\",\"bottom\":\"0\",\"left\":\"0\",\"isLinked\":false},\"padding_tablet\":{\"unit\":\"px\",\"top\":\"25\",\"right\":\"25\",\"bottom\":\"25\",\"left\":\"25\",\"isLinked\":false},\"padding_mobile\":{\"unit\":\"px\",\"top\":\"50\",\"right\":\"25\",\"bottom\":\"50\",\"left\":\"25\",\"isLinked\":false},\"display_condition_list\":[{\"display_condition_login_status\":\"subscriber\",\"_id\":\"a5ae392\"}]},\"elements\":[{\"id\":\"351a43a3\",\"elType\":\"column\",\"settings\":{\"_column_size\":50,\"_inline_size\":null,\"padding\":{\"unit\":\"px\",\"top\":\"0\",\"right\":\"90\",\"bottom\":\"0\",\"left\":\"0\",\"isLinked\":false},\"padding_tablet\":{\"unit\":\"px\",\"top\":\"0\",\"right\":\"50\",\"bottom\":\"0\",\"left\":\"0\",\"isLinked\":false},\"padding_mobile\":{\"unit\":\"px\",\"top\":\"0\",\"right\":\"0\",\"bottom\":\"0\",\"left\":\"0\",\"isLinked\":false},\"content_position\":\"top\",\"margin\":{\"unit\":\"px\",\"top\":\"50\",\"right\":\"0\",\"bottom\":\"0\",\"left\":\"0\",\"isLinked\":false},\"display_condition_list\":[{\"display_condition_login_status\":\"subscriber\",\"_id\":\"3fe23ac\"}]},\"elements\":[{\"id\":\"87f4344\",\"elType\":\"widget\",\"settings\":{\"title\":\"Goran Kon\\u010dar and Bruno Vlahek\",\"header_size\":\"h6\",\"align\":\"left\",\"typography_typography\":\"custom\",\"display_condition_list\":[{\"display_condition_login_status\":\"subscriber\",\"_id\":\"660c97d\"}]},\"elements\":[],\"widgetType\":\"heading\"},{\"id\":\"3e710676\",\"elType\":\"widget\",\"settings\":{\"title\":\"The release <b>OTTAVA ALTA <\\\/b>presents works for the violin by three doyens of Croatian composing - Bruno Bjelinski, Stjepan \\u0160ulek and Ivo Malec, performed by violinist Goran Kon\\u010dar, pianist Bruno Vlahek and the Symphony Orchestra of the Croatian Radiotelevision under the conducting of Mo Nik\\u0161a Bareza.\",\"header_size\":\"h4\",\"align\":\"left\",\"_padding_mobile\":{\"unit\":\"px\",\"top\":\"0\",\"right\":\"0\",\"bottom\":\"10\",\"left\":\"0\",\"isLinked\":false},\"display_condition_list\":[{\"display_condition_login_status\":\"subscriber\",\"_id\":\"3b7ec1b\"}]},\"elements\":[],\"widgetType\":\"heading\"},{\"id\":\"7175cafe\",\"elType\":\"widget\",\"settings\":{\"editor\":\"The release <b>OTTAVA ALTA <\\\/b>presents works for the violin by three doyens of Croatian composing - Bruno Bjelinski, Stjepan \\u0160ulek and Ivo Malec, performed by violinist Goran Kon\\u010dar, pianist Bruno Vlahek and the Symphony Orchestra of the Croatian Radiotelevision under the conducting of Mo Nik\\u0161a Bareza.\\n\\nThe true value of this program is that Goran Kon\\u010dar has had the opportunity to prepare each performance of the compositions with the composer personally, according to their wishes and instructions. That makes him an active participant in these, as we may call it, historical performances! At the same time, these works were part of his standard repertoire while performing on the many stages of the world. They were recorded in the mentioned set-up for the first time in this release.\",\"_padding_tablet\":{\"unit\":\"px\",\"top\":\"0\",\"right\":\"25\",\"bottom\":\"0\",\"left\":\"0\",\"isLinked\":false},\"_padding_mobile\":{\"unit\":\"px\",\"top\":\"0\",\"right\":\"0\",\"bottom\":\"0\",\"left\":\"0\",\"isLinked\":true},\"typography_typography\":\"custom\",\"display_condition_list\":[{\"display_condition_login_status\":\"subscriber\",\"_id\":\"a21413f\"}]},\"elements\":[],\"widgetType\":\"text-editor\"},{\"id\":\"85f6b26\",\"elType\":\"widget\",\"settings\":{\"wp_gallery\":[{\"id\":1217,\"url\":\"https:\\\/\\\/voxprimus.org\\\/wp-content\\\/uploads\\\/2021\\\/03\\\/Spotify-BW-v2.png\"},{\"id\":690,\"url\":\"https:\\\/\\\/voxprimus.org\\\/wp-content\\\/uploads\\\/2020\\\/06\\\/Deezer-BW-1-1.png\"},{\"id\":692,\"url\":\"https:\\\/\\\/voxprimus.org\\\/wp-content\\\/uploads\\\/2020\\\/06\\\/Apple-Music-BW-1-1.png\"},{\"id\":694,\"url\":\"https:\\\/\\\/voxprimus.org\\\/wp-content\\\/uploads\\\/2020\\\/06\\\/Youtube-BW-1-1.png\"},{\"id\":1219,\"url\":\"https:\\\/\\\/voxprimus.org\\\/wp-content\\\/uploads\\\/2021\\\/03\\\/Napster-BW-v2.png\"}],\"gallery_columns\":\"3\",\"filters_all_text\":\"All\",\"click_action\":\"custom\",\"column_gap\":{\"unit\":\"px\",\"size\":10,\"sizes\":[]},\"row_gap\":{\"unit\":\"px\",\"size\":\"\",\"sizes\":[]},\"images_valign\":\"center\",\"overlay_image_hover\":{\"id\":696,\"url\":\"https:\\\/\\\/voxprimus.org\\\/wp-content\\\/uploads\\\/2020\\\/06\\\/placeholder-1.png\"},\"gallery_style\":\"carousel\",\"slides_to_show\":5,\"infinite\":\"\",\"navigation\":\"none\",\"image_size\":\"medium_large\",\"image_scale_hover\":{\"unit\":\"px\",\"size\":1.05,\"sizes\":[]},\"display_condition_list\":[{\"display_condition_login_status\":\"subscriber\",\"_id\":\"ff72eec\"}]},\"elements\":[],\"widgetType\":\"uael-image-gallery\"}],\"isInner\":false},{\"id\":\"651d311e\",\"elType\":\"column\",\"settings\":{\"_column_size\":50,\"_inline_size\":null,\"background_background\":\"classic\",\"background_position\":\"center center\",\"background_attachment\":\"scroll\",\"background_repeat\":\"no-repeat\",\"background_size\":\"cover\",\"display_condition_list\":[{\"display_condition_login_status\":\"subscriber\",\"_id\":\"4d9554d\"}]},\"elements\":[{\"id\":\"72b3462\",\"elType\":\"section\",\"settings\":{\"gap\":\"no\",\"margin_mobile\":{\"unit\":\"px\",\"top\":\"0\",\"right\":0,\"bottom\":\"0\",\"left\":0,\"isLinked\":true},\"padding_mobile\":{\"unit\":\"px\",\"top\":\"0\",\"right\":\"0\",\"bottom\":\"0\",\"left\":\"0\",\"isLinked\":true},\"display_condition_list\":[{\"display_condition_login_status\":\"subscriber\",\"_id\":\"ab16daf\"}]},\"elements\":[{\"id\":\"e6e9063\",\"elType\":\"column\",\"settings\":{\"_column_size\":100,\"_inline_size\":null,\"background_background\":\"classic\",\"background_position\":\"center center\",\"background_attachment\":\"scroll\",\"background_repeat\":\"no-repeat\",\"background_size\":\"cover\",\"background_overlay_background\":\"classic\",\"background_overlay_opacity\":{\"unit\":\"px\",\"size\":\"\"},\"overlay_blend_mode\":\"multiply\",\"display_condition_list\":[{\"display_condition_login_status\":\"subscriber\",\"_id\":\"fa67ddd\"}]},\"elements\":[{\"id\":\"aaa95c3\",\"elType\":\"widget\",\"settings\":{\"image\":{\"id\":403,\"url\":\"https:\\\/\\\/voxprimus.org\\\/wp-content\\\/uploads\\\/2020\\\/04\\\/CD-Ottava-alta-naslovnica.jpg\"},\"display_condition_list\":[{\"display_condition_login_status\":\"subscriber\",\"_id\":\"29a9f9d\"}],\"caption\":\"\"},\"elements\":[],\"widgetType\":\"image\"}],\"isInner\":true}],\"isInner\":true},{\"id\":\"471ed62\",\"elType\":\"section\",\"settings\":{\"gap\":\"no\",\"structure\":\"20\",\"margin_mobile\":{\"unit\":\"px\",\"top\":\"35\",\"right\":0,\"bottom\":\"0\",\"left\":0,\"isLinked\":false},\"padding_mobile\":{\"unit\":\"px\",\"top\":\"0\",\"right\":\"0\",\"bottom\":\"0\",\"left\":\"0\",\"isLinked\":true},\"display_condition_list\":[{\"display_condition_login_status\":\"subscriber\",\"_id\":\"7f75e0e\"}]},\"elements\":[{\"id\":\"a691372\",\"elType\":\"column\",\"settings\":{\"_column_size\":50,\"_inline_size\":50,\"background_background\":\"classic\",\"background_position\":\"center center\",\"background_attachment\":\"scroll\",\"background_repeat\":\"no-repeat\",\"background_size\":\"cover\",\"margin\":{\"unit\":\"px\",\"top\":\"-122\",\"right\":\"0\",\"bottom\":\"0\",\"left\":\"25\",\"isLinked\":false},\"_inline_size_mobile\":50,\"margin_tablet\":{\"unit\":\"px\",\"top\":\"-40\",\"right\":\"0\",\"bottom\":\"0\",\"left\":\"25\",\"isLinked\":false},\"margin_mobile\":{\"unit\":\"px\",\"top\":\"0\",\"right\":\"0\",\"bottom\":\"0\",\"left\":\"0\",\"isLinked\":true},\"padding_mobile\":{\"unit\":\"px\",\"top\":\"0\",\"right\":\"0\",\"bottom\":\"0\",\"left\":\"0\",\"isLinked\":true},\"padding\":{\"unit\":\"px\",\"top\":\"0\",\"right\":\"0\",\"bottom\":\"0\",\"left\":\"0\",\"isLinked\":true},\"padding_tablet\":{\"unit\":\"px\",\"top\":\"0\",\"right\":\"0\",\"bottom\":\"0\",\"left\":\"0\",\"isLinked\":true},\"display_condition_list\":[{\"display_condition_login_status\":\"subscriber\",\"_id\":\"a359e27\"}]},\"elements\":[{\"id\":\"78906ff\",\"elType\":\"widget\",\"settings\":{\"image\":{\"id\":401,\"url\":\"https:\\\/\\\/voxprimus.org\\\/wp-content\\\/uploads\\\/2020\\\/04\\\/DAK4105.jpg\"},\"display_condition_list\":[{\"display_condition_login_status\":\"subscriber\",\"_id\":\"359e98c\"}],\"caption\":\"\"},\"elements\":[],\"widgetType\":\"image\"}],\"isInner\":true},{\"id\":\"6ce05a1\",\"elType\":\"column\",\"settings\":{\"_column_size\":50,\"_inline_size\":50,\"background_background\":\"classic\",\"background_position\":\"center center\",\"background_attachment\":\"scroll\",\"background_repeat\":\"no-repeat\",\"background_size\":\"cover\",\"margin\":{\"unit\":\"px\",\"top\":\"-122\",\"right\":\"25\",\"bottom\":\"75\",\"left\":\"0\",\"isLinked\":false},\"_inline_size_mobile\":50,\"margin_tablet\":{\"unit\":\"px\",\"top\":\"-40\",\"right\":\"25\",\"bottom\":\"75\",\"left\":\"0\",\"isLinked\":false},\"padding_mobile\":{\"unit\":\"px\",\"top\":\"0\",\"right\":\"0\",\"bottom\":\"0\",\"left\":\"0\",\"isLinked\":true},\"margin_mobile\":{\"unit\":\"px\",\"top\":\"0\",\"right\":\"0\",\"bottom\":\"0\",\"left\":\"0\",\"isLinked\":true},\"display_condition_list\":[{\"display_condition_login_status\":\"subscriber\",\"_id\":\"5885f35\"}]},\"elements\":[{\"id\":\"120f7f8\",\"elType\":\"widget\",\"settings\":{\"image\":{\"id\":395,\"url\":\"https:\\\/\\\/voxprimus.org\\\/wp-content\\\/uploads\\\/2020\\\/04\\\/DAK4095.jpg\"},\"display_condition_list\":[{\"display_condition_login_status\":\"subscriber\",\"_id\":\"57c6eb8\"}],\"caption\":\"\"},\"elements\":[],\"widgetType\":\"image\"}],\"isInner\":true}],\"isInner\":true}],\"isInner\":false}],\"isInner\":false},{\"id\":\"d70fbb7\",\"elType\":\"section\",\"settings\":{\"gap\":\"no\",\"content_position\":\"middle\",\"padding\":{\"unit\":\"px\",\"top\":\"0\",\"right\":\"0\",\"bottom\":\"0\",\"left\":\"0\",\"isLinked\":false},\"padding_tablet\":{\"unit\":\"px\",\"top\":\"25\",\"right\":\"25\",\"bottom\":\"25\",\"left\":\"25\",\"isLinked\":false},\"padding_mobile\":{\"unit\":\"px\",\"top\":\"50\",\"right\":\"25\",\"bottom\":\"50\",\"left\":\"25\",\"isLinked\":false},\"margin\":{\"unit\":\"px\",\"top\":\"25\",\"right\":0,\"bottom\":\"0\",\"left\":0,\"isLinked\":false},\"display_condition_list\":[{\"display_condition_login_status\":\"subscriber\",\"_id\":\"ba42887\"}]},\"elements\":[{\"id\":\"f08814f\",\"elType\":\"column\",\"settings\":{\"_column_size\":100,\"_inline_size\":null,\"display_condition_list\":[{\"display_condition_login_status\":\"subscriber\",\"_id\":\"0a36bf6\"}]},\"elements\":[{\"id\":\"be42456\",\"elType\":\"widget\",\"settings\":{\"title\":\"Voici un disque indispensable par l\\u2019interpr\\u00e9tation magistrale...\",\"header_size\":\"h5\",\"align\":\"left\",\"typography_typography\":\"custom\",\"typography_font_style\":\"italic\",\"display_condition_list\":[{\"display_condition_login_status\":\"subscriber\",\"_id\":\"32b4edb\"}]},\"elements\":[],\"widgetType\":\"heading\"},{\"id\":\"d207573\",\"elType\":\"widget\",\"settings\":{\"editor\":\"<p><a href=\\\"https:\\\/\\\/www.resmusica.com\\\/2020\\\/05\\\/15\\\/tresors-meconnus-de-la-musique-croate-pour-violon-vox-primus\\\/\\\" target=\\\"_blank\\\" rel=\\\"noopener\\\"><span style=\\\"color: #d2232a;\\\">CHECK THE REVIEW...<\\\/span><\\\/a><\\\/p>\",\"align\":\"right\",\"text_color\":\"#D2232A\",\"display_condition_list\":[{\"display_condition_login_status\":\"subscriber\",\"_id\":\"8c26e43\"}]},\"elements\":[],\"widgetType\":\"text-editor\"}],\"isInner\":false}],\"isInner\":false},{\"id\":\"596c4de2\",\"elType\":\"section\",\"settings\":{\"gap\":\"no\",\"custom_height\":{\"unit\":\"px\",\"size\":900},\"content_position\":\"middle\",\"background_background\":\"classic\",\"background_color\":\"#F9FAFA\",\"background_overlay_background\":\"classic\",\"background_overlay_position\":\"center center\",\"background_overlay_attachment\":\"fixed\",\"background_overlay_repeat\":\"repeat\",\"background_overlay_size\":\"contain\",\"background_overlay_opacity\":{\"unit\":\"px\",\"size\":1},\"padding\":{\"unit\":\"px\",\"top\":\"200\",\"right\":\"0\",\"bottom\":\"100\",\"left\":\"0\",\"isLinked\":false},\"padding_tablet\":{\"unit\":\"px\",\"top\":\"100\",\"right\":\"25\",\"bottom\":\"25\",\"left\":\"25\",\"isLinked\":false},\"padding_mobile\":{\"unit\":\"px\",\"top\":\"75\",\"right\":\"30\",\"bottom\":\"25\",\"left\":\"20\",\"isLinked\":false},\"shape_divider_top\":\"tilt\",\"display_condition_list\":[{\"display_condition_login_status\":\"subscriber\",\"_id\":\"f19775a\"}]},\"elements\":[{\"id\":\"13cf2fdb\",\"elType\":\"column\",\"settings\":{\"_column_size\":100,\"display_condition_list\":[{\"display_condition_login_status\":\"subscriber\",\"_id\":\"b5ef011\"}]},\"elements\":[{\"id\":\"732b3087\",\"elType\":\"widget\",\"settings\":{\"title\":\"About the program\\n\",\"align\":\"left\",\"typography_font_size\":{\"unit\":\"px\",\"size\":\"\"},\"_margin\":{\"unit\":\"px\",\"top\":\"0\",\"right\":\"0\",\"bottom\":\"0\",\"left\":\"0\",\"isLinked\":true},\"align_mobile\":\"left\",\"typography_font_size_mobile\":{\"unit\":\"px\",\"size\":\"\"},\"typography_font_size_tablet\":{\"unit\":\"px\",\"size\":\"\"},\"_padding\":{\"unit\":\"px\",\"top\":\"0\",\"right\":\"0\",\"bottom\":\"25\",\"left\":\"0\",\"isLinked\":false},\"_padding_tablet\":{\"unit\":\"px\",\"top\":\"0\",\"right\":\"0\",\"bottom\":\"15\",\"left\":\"0\",\"isLinked\":false},\"display_condition_list\":[{\"display_condition_login_status\":\"subscriber\",\"_id\":\"caad46f\"}]},\"elements\":[],\"widgetType\":\"heading\"},{\"id\":\"19821d2e\",\"elType\":\"section\",\"settings\":{\"gap\":\"no\",\"content_position\":\"top\",\"structure\":\"20\",\"display_condition_list\":[{\"display_condition_login_status\":\"subscriber\",\"_id\":\"7b1d9ff\"}]},\"elements\":[{\"id\":\"2c940300\",\"elType\":\"column\",\"settings\":{\"_column_size\":50,\"_inline_size\":null,\"padding\":{\"unit\":\"px\",\"top\":\"0\",\"right\":\"50\",\"bottom\":\"0\",\"left\":\"0\",\"isLinked\":false},\"padding_mobile\":{\"unit\":\"px\",\"top\":\"0\",\"right\":\"0\",\"bottom\":\"0\",\"left\":\"0\",\"isLinked\":true},\"padding_tablet\":{\"unit\":\"px\",\"top\":\"0\",\"right\":\"25\",\"bottom\":\"0\",\"left\":\"0\",\"isLinked\":false},\"content_position\":\"top\",\"display_condition_list\":[{\"display_condition_login_status\":\"subscriber\",\"_id\":\"7a96e65\"}]},\"elements\":[{\"id\":\"dfc7673\",\"elType\":\"widget\",\"settings\":{\"image\":{\"url\":\"https:\\\/\\\/voxprimus.org\\\/wp-content\\\/uploads\\\/2020\\\/04\\\/Ottava-alta-naljepnica-130x130-1.jpg\",\"id\":424},\"align\":\"left\",\"display_condition_list\":[{\"display_condition_login_status\":\"subscriber\",\"_id\":\"9d8995d\"}],\"caption\":\"\"},\"elements\":[],\"widgetType\":\"image\"}],\"isInner\":true},{\"id\":\"381e8acf\",\"elType\":\"column\",\"settings\":{\"_column_size\":50,\"_inline_size\":null,\"padding\":{\"unit\":\"px\",\"top\":\"0\",\"right\":\"50\",\"bottom\":\"0\",\"left\":\"0\",\"isLinked\":false},\"padding_mobile\":{\"unit\":\"px\",\"top\":\"0\",\"right\":\"0\",\"bottom\":\"0\",\"left\":\"0\",\"isLinked\":true},\"padding_tablet\":{\"unit\":\"px\",\"top\":\"0\",\"right\":\"0\",\"bottom\":\"0\",\"left\":\"25\",\"isLinked\":false},\"display_condition_list\":[{\"display_condition_login_status\":\"subscriber\",\"_id\":\"f70281f\"}]},\"elements\":[{\"id\":\"546c4a9e\",\"elType\":\"widget\",\"settings\":{\"editor\":\"<p><b>Bruno Bjelinski <\\\/b>(Trieste, Nov 1st, 1909 \\u2013 Silba, Sept 3rd, 1992) developed as a composer under the influence of his professors Blagoja Bersa, Franjo Dugan elder and Fran Lhotka. His artistic expression has always overflown with great ideas, playfulness, humor and a very human, friendly approach to his environment.<\\\/p><p>Bjelinski wrote the <b><i>First sonata for violin and piano<\\\/i><\\\/b> in 1933, during his studies at the Zagreb Music Academy. He revised it in 1976 and named it <b><i>The farewell sonata - in memoriam to Fran Lhotka<\\\/i><\\\/b>. In the same year the revised version was performed by violinist Goran Kon\\u010dar and pianist Ida Gamulin at a Gala concert celebrating Bruno Bjelinski winning the <i>Vladimir Nazor <\\\/i>Award.<\\\/p><p>Although Bjelinski used a classic form for his <i>Sonata<\\\/i>, he skipped the slow movement and had slower, elegiac motifs appear in all three movements. In the first movement he brings forward the fundamental musical motifs and hints with its atmosphere at the theme of farewells. The same elements get built on in the classically composed <i>Allegro<\\\/i>, to then have a reappearance of the original theme in the <i>coda<\\\/i>. The second <i>Allegro scherzando<\\\/i> movement brings a playful virtuoso performance of both themes from the first movement, with another elegiac part in the middle. In the third movement <i>Allegro vivace<\\\/i> one can hear traces of folkloric motifs, even though they are still encased in a strict classical form. The sonata ends with a <i>coda <\\\/i>in morendo that represents the music notation of a goodbye. The clear, sometimes clashing harmonic structures as well as the playful rhythmic motifs present in all three movements, greatly opposing the elegiac, nostalgic themes, are a good summation of Bruno Bjelinski\\u2019s whole approach to composition.<\\\/p>\",\"_padding\":{\"unit\":\"px\",\"top\":\"0\",\"right\":\"0\",\"bottom\":\"0\",\"left\":\"0\",\"isLinked\":true},\"_padding_mobile\":{\"unit\":\"px\",\"top\":\"0\",\"right\":\"0\",\"bottom\":\"0\",\"left\":\"0\",\"isLinked\":true},\"text_color\":\"#000000\",\"display_condition_list\":[{\"display_condition_login_status\":\"subscriber\",\"_id\":\"7281252\"}]},\"elements\":[],\"widgetType\":\"text-editor\"}],\"isInner\":true}],\"isInner\":true},{\"id\":\"c0b8fcf\",\"elType\":\"section\",\"settings\":{\"gap\":\"no\",\"content_position\":\"top\",\"structure\":\"20\",\"margin\":{\"unit\":\"px\",\"top\":\"0\",\"right\":0,\"bottom\":\"0\",\"left\":0,\"isLinked\":true},\"display_condition_list\":[{\"display_condition_login_status\":\"subscriber\",\"_id\":\"914a7ce\"}]},\"elements\":[{\"id\":\"4734ac5\",\"elType\":\"column\",\"settings\":{\"_column_size\":50,\"_inline_size\":null,\"padding\":{\"unit\":\"px\",\"top\":\"0\",\"right\":\"50\",\"bottom\":\"0\",\"left\":\"0\",\"isLinked\":false},\"padding_mobile\":{\"unit\":\"px\",\"top\":\"0\",\"right\":\"0\",\"bottom\":\"0\",\"left\":\"0\",\"isLinked\":true},\"padding_tablet\":{\"unit\":\"px\",\"top\":\"0\",\"right\":\"25\",\"bottom\":\"0\",\"left\":\"0\",\"isLinked\":false},\"content_position\":\"top\",\"display_condition_list\":[{\"display_condition_login_status\":\"subscriber\",\"_id\":\"865ee2d\"}]},\"elements\":[{\"id\":\"7fdd24d\",\"elType\":\"widget\",\"settings\":{\"editor\":\"<p><b>Stjepan \\u0160ulek <\\\/b>(Zagreb, Oct 5th, 1914 \\u2013 Jan 16th, 1986) studied the violin at the Zagreb Music Academy under Vaclav Huml and was occasionally instructed in composition by Blagoja Bersa. He acted as a chamber musician (piano trio with Ivan Ma\\u010dek and Antonio Janigro, the first violinist in the Zagreb quartet) and as a conductor for the RTV Zagreb Chamber Orchestra, and from 1947 he worked as a composition professor at the Zagreb Music Academy. By teaching generations of contemporary Croatian composers, \\u0160ulek greatly contributed to raising the standard of composing in Croatia. His own works are characterized by high professionalism and a flawless composing skill.<\\\/p><p>\\u0160ulek is primarily a neoclassicist by style, although in reality he synthesizes baroque structure, classic forms and a romantic expression. Harmonically he stayed in the framework of the key \\\/ tonality.<\\\/p><p>\\u0160ulek wrote the <i>Violin sonata<\\\/i> in 1972 and performed it himself for the premiere. Although the violin opposes the piano with its seductive, romantic themes, the suspense within the three-movement classic form brings a post-modern richness to the sound. Chromatic modulations underline \\u0160ulek\\u2019s personal composition style, but with a subjective approach to the sound of the violin, his personal instrument.<\\\/p><p>At the same time he performed the <i>Sonata <\\\/i>Goran Kon\\u010dar also recorded \\u0160ulek\\u2019s string quartets and <i>Omage a Vaclav Huml<\\\/i> with the Zagreb Quartet, as well as the <i>Violin concert <\\\/i>with the Zagreb Philharmonic under the conductor Pavle De\\u0161palj and the Symphony Orchestra of HRT under the leadership of Nik\\u0161a Bareza.<\\\/p><p>The <i>Sonata<\\\/i> was recorded on Stjepan \\u0160ulek\\u2019s violin, which can be found today in his inheritance in the <i>Stjepan \\u0160ulek<\\\/i> Fondation, which has been giving awards in his name from 1993. The Award is symbolically connected to two of \\u0160ulek\\u2019s greatest artistic activities, so every year the award alternates between best composer and best violinist, representing an acknowledgement of the accomplishments of young musicians for their work, but also encouragement for further growth.<\\\/p><p>For his amazing contribution to our music culture, both as a composer and as a teacher, he received the <i>Vladimir Nazor<\\\/i> Award for his life\\u2019s work in 1973.<\\\/p>\",\"_padding\":{\"unit\":\"px\",\"top\":\"0\",\"right\":\"0\",\"bottom\":\"0\",\"left\":\"0\",\"isLinked\":true},\"_padding_mobile\":{\"unit\":\"px\",\"top\":\"0\",\"right\":\"0\",\"bottom\":\"0\",\"left\":\"0\",\"isLinked\":true},\"text_color\":\"#000000\",\"display_condition_list\":[{\"display_condition_login_status\":\"subscriber\",\"_id\":\"93c4503\"}]},\"elements\":[],\"widgetType\":\"text-editor\"}],\"isInner\":true},{\"id\":\"8f469bb\",\"elType\":\"column\",\"settings\":{\"_column_size\":50,\"_inline_size\":null,\"padding\":{\"unit\":\"px\",\"top\":\"0\",\"right\":\"50\",\"bottom\":\"0\",\"left\":\"0\",\"isLinked\":false},\"padding_mobile\":{\"unit\":\"px\",\"top\":\"0\",\"right\":\"0\",\"bottom\":\"0\",\"left\":\"0\",\"isLinked\":true},\"padding_tablet\":{\"unit\":\"px\",\"top\":\"0\",\"right\":\"0\",\"bottom\":\"0\",\"left\":\"25\",\"isLinked\":false},\"display_condition_list\":[{\"display_condition_login_status\":\"subscriber\",\"_id\":\"a866c0c\"}]},\"elements\":[{\"id\":\"0770d15\",\"elType\":\"widget\",\"settings\":{\"editor\":\"<p><b>Ivo Malec<\\\/b> (Zagreb, Mar 30th, 1925 - Paris Aug 14th, 2019) was a composer and conductor, who finished his studies in composition under Milo Cipra as well as conduction at the Zagreb Music Academy, and further studied under O. Messiaen in Paris. In 1959 he moved to Paris where he met Pierre Schaeffer, Darius Milhaud and Andr\\u00e9 Jolivet, and worked in the Groupe de Recherches Musicales GRM from 1960 to 1990. At that time he created the compositions <i>Tutti <\\\/i>(1962), <i>Cantate pour elle <\\\/i>(1966), <i>Lumina <\\\/i>(1968) and <i>Attacca <\\\/i>(1986). He found a unique convergence of technique and technology there, ideally suited for his creative needs, and the exploration and experimentation with sound in those early years can be seen in his masterful works from the 90s, such as <i>Exempla <\\\/i>(1994), <i>Sonoris causa<\\\/i> (1997) and perhaps his most interesting work the <b><i>Concert for violin and orchestra Ottava alta<\\\/i><\\\/b> (1995), a composition that explores the furthest capabilities of the classic violin in its highest register. <b><i>Ottava alta <\\\/i><\\\/b>was a turning point in the entire composing world for the violin at the end of the 20th century. The many effects and the overflow of the sound colours from the soloist to each of the members of the ensamble make the composition remarkably complex. The violin, timpani and percussion canon, as well as the carrying of the main music ideas from solo parts to the whole group of instruments make this <i>Concert <\\\/i>a nearly unique example of a perfect avant-garde composition, experienced within his own identity and the time in which it was created.<\\\/p><p>The <i>Concert <\\\/i>was performed by Rapha\\u00ebl Oleg and the RTL Orchestra for its premiere, under the direction of the composer himself on December 14th, 1995 in Luxembourg.<\\\/p><p>The violinist Goran Kon\\u010dar and the HRT SO performed the premiere of the <i>Concert <\\\/i>in 1998, under the guidance of mo Nik\\u0161a Bareza, when a studio recording was also made featuring the composer himself as music producer. As an advisor, he helped the concert be performed exactly the way he intended it to be.<\\\/p><p>Ivo Malec worked as a composition professor at the Conservatoire National Sup\\u00e9rieur de Musique from 1972 to 1990, succeeding his friend, composer Henri Dutilleux, and educating a number of young composers who would go on to become the new generation of French music. He won many awards, amongst which were the City of Zagreb Award (1957); <i>Grand Prix du disque<\\\/i> (five times); <i>Grand Prix de la Sacem<\\\/i> (1975); <i>Grand Prix National de la Musique <\\\/i>(1992); <i>Chevalier dans l\\u2019Ordre National de la L\\u00e9gion d\\u2019Honneur<\\\/i>; <i>Chevalier dans l\\u2019Ordre National du M\\u00e9rite<\\\/i>, <i>Commandeur dans l\\u2019Ordre des Arts et Lettres<\\\/i>, <i>Prix de l\\u2019Acad\\u00e9mie des Beaux\\u2013Arts <\\\/i>(2010) and <i>Grand Prix International Arthur Honegger<\\\/i> (2010). His compositions were published by Salabert, Breitkopf &amp; H\\u00e4rtel and Ricordi, and the discographic edition by Philips, Harmonia Mundi, Erato and Ina-GRM.<\\\/p>\",\"_padding\":{\"unit\":\"px\",\"top\":\"0\",\"right\":\"0\",\"bottom\":\"0\",\"left\":\"0\",\"isLinked\":true},\"_padding_mobile\":{\"unit\":\"px\",\"top\":\"0\",\"right\":\"0\",\"bottom\":\"0\",\"left\":\"0\",\"isLinked\":true},\"text_color\":\"#000000\",\"display_condition_list\":[{\"display_condition_login_status\":\"subscriber\",\"_id\":\"4c21b6b\"}]},\"elements\":[],\"widgetType\":\"text-editor\"}],\"isInner\":true}],\"isInner\":true}],\"isInner\":false}],\"isInner\":false},{\"id\":\"403a5c0\",\"elType\":\"section\",\"settings\":{\"gap\":\"no\",\"custom_height\":{\"unit\":\"px\",\"size\":900},\"content_position\":\"middle\",\"background_background\":\"classic\",\"background_color\":\"#FFFFFF\",\"background_overlay_background\":\"classic\",\"background_overlay_position\":\"center center\",\"background_overlay_attachment\":\"fixed\",\"background_overlay_repeat\":\"repeat\",\"background_overlay_size\":\"contain\",\"background_overlay_opacity\":{\"unit\":\"px\",\"size\":1},\"padding\":{\"unit\":\"px\",\"top\":\"200\",\"right\":\"0\",\"bottom\":\"100\",\"left\":\"0\",\"isLinked\":false},\"padding_tablet\":{\"unit\":\"px\",\"top\":\"100\",\"right\":\"25\",\"bottom\":\"25\",\"left\":\"25\",\"isLinked\":false},\"padding_mobile\":{\"unit\":\"px\",\"top\":\"75\",\"right\":\"30\",\"bottom\":\"25\",\"left\":\"20\",\"isLinked\":false},\"shape_divider_top\":\"tilt\",\"shape_divider_top_color\":\"#F9FAFA\",\"display_condition_list\":[{\"display_condition_login_status\":\"subscriber\",\"_id\":\"977b5f3\"}]},\"elements\":[{\"id\":\"21418f2\",\"elType\":\"column\",\"settings\":{\"_column_size\":100,\"display_condition_list\":[{\"display_condition_login_status\":\"subscriber\",\"_id\":\"f365327\"}]},\"elements\":[{\"id\":\"1f60979\",\"elType\":\"widget\",\"settings\":{\"title\":\"About the performers\",\"align\":\"left\",\"typography_font_size\":{\"unit\":\"px\",\"size\":\"\"},\"_margin\":{\"unit\":\"px\",\"top\":\"0\",\"right\":\"0\",\"bottom\":\"0\",\"left\":\"0\",\"isLinked\":true},\"align_mobile\":\"left\",\"typography_font_size_mobile\":{\"unit\":\"px\",\"size\":\"\"},\"typography_font_size_tablet\":{\"unit\":\"px\",\"size\":\"\"},\"_padding\":{\"unit\":\"px\",\"top\":\"0\",\"right\":\"0\",\"bottom\":\"25\",\"left\":\"0\",\"isLinked\":false},\"_padding_tablet\":{\"unit\":\"px\",\"top\":\"0\",\"right\":\"0\",\"bottom\":\"15\",\"left\":\"0\",\"isLinked\":false},\"display_condition_list\":[{\"display_condition_login_status\":\"subscriber\",\"_id\":\"e37a2f4\"}]},\"elements\":[],\"widgetType\":\"heading\"},{\"id\":\"52c9361\",\"elType\":\"section\",\"settings\":{\"gap\":\"no\",\"content_position\":\"top\",\"display_condition_list\":[{\"display_condition_login_status\":\"subscriber\",\"_id\":\"cec3486\"}]},\"elements\":[{\"id\":\"0407dee\",\"elType\":\"column\",\"settings\":{\"_column_size\":100,\"_inline_size\":null,\"padding\":{\"unit\":\"px\",\"top\":\"0\",\"right\":\"50\",\"bottom\":\"0\",\"left\":\"0\",\"isLinked\":false},\"padding_mobile\":{\"unit\":\"px\",\"top\":\"0\",\"right\":\"0\",\"bottom\":\"0\",\"left\":\"0\",\"isLinked\":true},\"padding_tablet\":{\"unit\":\"px\",\"top\":\"0\",\"right\":\"25\",\"bottom\":\"0\",\"left\":\"0\",\"isLinked\":false},\"content_position\":\"top\",\"display_condition_list\":[{\"display_condition_login_status\":\"subscriber\",\"_id\":\"d1c1dae\"}]},\"elements\":[{\"id\":\"9de9e1e\",\"elType\":\"widget\",\"settings\":{\"title\":\"Goran Kon\\u010dar\",\"header_size\":\"h4\",\"title_color\":\"#D2232A\",\"display_condition_list\":[{\"display_condition_login_status\":\"subscriber\",\"_id\":\"9c3b9f1\"}]},\"elements\":[],\"widgetType\":\"heading\"},{\"id\":\"027805c\",\"elType\":\"widget\",\"settings\":{\"editor\":\"<p>Goran Kon\\u010dar (b. 1954), one of the most prominent Croatian violinists, studied at the Music Academy in Zagreb with Martin Bari\\u0107 and Josip Klima and obtained a master\\u2019s degree in the class of Leonid Kogan at the Tchaikovsky Conservatory in Moscow in 1978. He also studied with Max Rostal in Bern and Henryk Szeryng in Geneva, then with Yfrah Neaman in London. He was Neaman\\u2019s assistant at the Guildhall School of Music from 1981 to 1983. He has been teaching at the Zagreb Music Academy since 1988 and has held master classes in Madrid, Berlin, Turin, Milan, Sidney, Tokyo, Beijing, Stellenbosch and elsewhere. In 2004, he started the LAUS Summer Academy in Dubrovnik together with the world\\u2019s greatest violinists (Zakhar Bron, Viktor Tretyakov, Dmitry Sitkovetsky, Leonid Sorokow).<\\\/p><p>His international solo career began in 1982 with guest performances in the majority of European countries, as well as the USA, Japan, Korea and Israel. From 1984 to 1994 he was the concertmaster of the Royal Philharmonic Orchestra in London, the Croatian Radio Television Symphonic Orchestra and Zagreb Philharmonic. He has performed with renowned orchestras and conductors all over the world.<\\\/p><p>He won first and special prizes at national competitions, as well as the <i>Music Life Award<\\\/i> in Moscow (1980) for his performance of Shostakovich\\u2019s<i> Concerto for violin and orchestra<\\\/i>, the first prize at the International Competition in Bratislava (1984) and numerous other accolades. Among the awards received the <i>Vladimir Nazor <\\\/i>Award (2006) holds a prominent place.<\\\/p><p>In his solo and educational activities he is particularly dedicated to interpretations of works by Johann Sebastian Bach (solo sonatas and partitas), as well as to the repertoire created with Max Rostal (W. A. Mozart and the French Bruch, E. Bloch, F. Mendelssohn), Yfrah Neaman (J. S. Bach, M. Bruch, E. Bloch, F. Mendelssohn) and Leonid Kogan (Russian literature-P. I. Tchaikovsky, A. Glazunov, A. Khachaturian, S. Prokofiev and D. Shostakovich, the performance of whose works he was the first foreigner to receive a Russian award for). He pays special attention to the performances of the classics of the 20th century (B. Bartok, B. Martin, S. Gubaidulin, A. Nilsson, K. Goldmark) and contemporary pieces, which is why numerous composers have dedicated their works to him (Boris Papandopulo, Milko Kelemen, Giuseppe Gavazza, D. Holloway, Ivo Malec).<\\\/p><p>His first record was released by EMI in 1984 in London, and he also recorded for the BBC, CBS, France Musique, HRT and other radio and TV stations. Croatia Records released one of the rare integral performances of Eug\\u00e8ne Ysa\\u00ffe\\u2019s violin sonatas.<\\\/p><p>From 1987 to 2012 he managed the <b><i>Zagreb Quartet <\\\/i><\\\/b>and for a full quarter of a century his skill and art were part of this oldest Croatian and European chamber ensemble.<\\\/p><p>The <b><i>Zagreb Quartet<\\\/i><\\\/b> was established as far back as 1919, and for a period of one century it was the basis of the tradition of chamber music making in Croatia; in this tradition Goran Kon\\u010dar is certainly one of its pivotal personalities. During this period he appeared in more than 2000 concerts, and under his guidance the <i>Zagreb Quartet <\\\/i>had more than 1000 performances, appearing on all continents in the best known concert halls of the world, and cooperated with a large number of Croatian and foreign soloists. Kon\\u010dar also played the majority of first performances of works composed by Croatian composers written for the string quartet and he also published 15 albums. Under Kon\\u010dar\\u2019s guidance the <i>Zagreb Quartet <\\\/i>performed all quartets composed by Shostakovich, Mozart, Prokofiev, Jan\\u00e1\\u010dek, the majority of Haydn\\u2019s quartets and all quintets.<\\\/p><p>Professionally, he is dedicated to studying the sound of historical instruments and raising awareness of the value of tonal wood from Croatia and Bosnia that was used to make the most valuable instruments. In order to promote Croatian makers of string instruments, in 2005 he initiated the founding of the Croatian Association of Professional Makers and Restorers of String Instruments.<\\\/p><p>For a number of years he played on Giovanni Battista Guadagninis\\u2019 violin which the Croatian violinist and composer Stjepan \\u0160ulek left to the Stjepan \\u0160ulek Foundation as well as on the violin King by Giuseppe Guarneri del Ges\\u00f9 from 1735 that is in possession of the Croatian Academy of Sciences and Arts (HAZU).<\\\/p><p><strong><a href=\\\"http:\\\/\\\/www.goran-koncar.org\\\" target=\\\"_blank\\\" rel=\\\"noopener\\\"><span style=\\\"color: #d2232a;\\\">www.goran-koncar.org<\\\/span><\\\/a><\\\/strong><\\\/p>\",\"_padding\":{\"unit\":\"px\",\"top\":\"0\",\"right\":\"0\",\"bottom\":\"0\",\"left\":\"0\",\"isLinked\":true},\"_padding_mobile\":{\"unit\":\"px\",\"top\":\"0\",\"right\":\"0\",\"bottom\":\"0\",\"left\":\"0\",\"isLinked\":true},\"text_color\":\"#000000\",\"display_condition_list\":[{\"display_condition_login_status\":\"subscriber\",\"_id\":\"9a9de64\"}]},\"elements\":[],\"widgetType\":\"text-editor\"},{\"id\":\"c411711\",\"elType\":\"widget\",\"settings\":{\"title\":\"Bruno Vlahek\",\"header_size\":\"h4\",\"title_color\":\"#D2232A\",\"display_condition_list\":[{\"display_condition_login_status\":\"subscriber\",\"_id\":\"8b93a16\"}]},\"elements\":[],\"widgetType\":\"heading\"},{\"id\":\"4d365eb\",\"elType\":\"widget\",\"settings\":{\"editor\":\"<p><b>Bruno Vlahek <\\\/b>was born 1986 in Zagreb, where he graduated piano in Vladimir Krpan\\u2019s class as one of the youngest students in history of the Music Academy. He pursued postgraduate studies at the Conservatoire de Lausanne with Jean-Fran\\u00e7ois Antonioli and at the Hochschule f\\u00fcr Musik in Cologne with Vassily Lobanov, where he also studied composition and improvisation. From 2010-13, he was guided by legendary Dmitri Bashkirov at the Queen Sof\\u00eda College of Music in Madrid. Vlahek won the first prizes at the international piano competitions <i>Alexander Scriabin<\\\/i> in Paris 2010 and <i>Ricard Vi\\u00f1es<\\\/i> in Lleida 2008; was laureate of the 6th <i>China Shanghai International Piano Competition <\\\/i>2012, EPTA International Piano Competition <i>Svetislav Stancic <\\\/i>in Zagreb 2007, received the title of Young Musician of The Year 2010 in Croatia, and won prizes such as Swiss <i>Prix Paderewski,<\\\/i> Y<i>amaha Foundation's Award<\\\/i> in Madrid, <i>Pnina Salzman <\\\/i>Memorial Award in Israel and <i>Artists on Globe Award<\\\/i> 2014. For his achievements he was awarded the <i>Honorary Diploma<\\\/i> of Her Majesty Queen Sof\\u00eda of Spain.\\u00a0<\\\/p><p>He regularly gives recitals and appears with leading orchestras throughout Europe, Asia, Africa, South America, Russia and Israel. He performed in prestigious halls such as Palau de la M\\u00fasica Catalana in Barcelona, Liszt Academy in Budapest, Auditorio Nacional de M\\u00fasica in Madrid, Gasteig in Munich, Mozarteum in Salzburg, Tel Aviv Museum of Art, Shanghai Concert Hall, Seoul Arts Centre, and at the festivals of Bolzano, Dubrovnik, Moscow, Palma de Mallorca, Dar es Salaam and Verbier.\\u00a0<\\\/p><p>In 2008 he recorded Saint-Sa\\u00ebns' <i>2nd Piano Concerto<\\\/i> with Orchestre de Chambre de Lausanne for Radio Suisse Romande. He has composed more than 40 orchestral, chamber, solo and choral works of various genres which have been performed in European music centres (Amsterdam, Berlin, Lisbon, London, Moscow, Prague, Vienna, St. Petersburg), in North and South America, China, South Korea, and at the ISCM\\u2019s World New Music Days 2010 in Sydney (Australia). In 2012 he won the 1st prize at the XXXIII International competition for Organ works <i>Cristobal Halffte<\\\/i>r in Spain. His works have been published in United Kingdom and USA.<\\\/p><p><a href=\\\"http:\\\/\\\/www.brunovlahek.com\\\" target=\\\"_blank\\\" rel=\\\"noopener\\\"><strong><span style=\\\"color: #d2232a;\\\">www.brunovlahek.com<\\\/span><\\\/strong><\\\/a><\\\/p>\",\"_padding\":{\"unit\":\"px\",\"top\":\"0\",\"right\":\"0\",\"bottom\":\"0\",\"left\":\"0\",\"isLinked\":true},\"_padding_mobile\":{\"unit\":\"px\",\"top\":\"0\",\"right\":\"0\",\"bottom\":\"0\",\"left\":\"0\",\"isLinked\":true},\"text_color\":\"#000000\",\"display_condition_list\":[{\"display_condition_login_status\":\"subscriber\",\"_id\":\"28e1fc7\"}]},\"elements\":[],\"widgetType\":\"text-editor\"}],\"isInner\":true}],\"isInner\":true},{\"id\":\"62b76fa\",\"elType\":\"section\",\"settings\":{\"gap\":\"no\",\"content_position\":\"top\",\"structure\":\"20\",\"display_condition_list\":[{\"display_condition_login_status\":\"subscriber\",\"_id\":\"fdd58f3\"}]},\"elements\":[{\"id\":\"88b9767\",\"elType\":\"column\",\"settings\":{\"_column_size\":50,\"_inline_size\":null,\"padding\":{\"unit\":\"px\",\"top\":\"0\",\"right\":\"50\",\"bottom\":\"0\",\"left\":\"0\",\"isLinked\":false},\"padding_mobile\":{\"unit\":\"px\",\"top\":\"0\",\"right\":\"0\",\"bottom\":\"0\",\"left\":\"0\",\"isLinked\":true},\"padding_tablet\":{\"unit\":\"px\",\"top\":\"0\",\"right\":\"25\",\"bottom\":\"0\",\"left\":\"0\",\"isLinked\":false},\"content_position\":\"top\",\"display_condition_list\":[{\"display_condition_login_status\":\"subscriber\",\"_id\":\"aa3613c\"}]},\"elements\":[{\"id\":\"591bbd3\",\"elType\":\"widget\",\"settings\":{\"title\":\"Nik\\u0161a Bareza\",\"header_size\":\"h4\",\"title_color\":\"#D2232A\",\"display_condition_list\":[{\"display_condition_login_status\":\"subscriber\",\"_id\":\"02d4fe3\"}]},\"elements\":[],\"widgetType\":\"heading\"},{\"id\":\"425826d\",\"elType\":\"widget\",\"settings\":{\"editor\":\"<p>Conductor <b>Niksa Bareza<\\\/b>, longtime chief conductor of the HRT Symphonic Orchestra, first studied with Milan Sachs, Hermann Scherchen and Herbert von Karajan, then collaborated with great conductors such as Lovro pl. Maticic, Ferdinand Leitner, Otmar Suitner and Nikolaus Harnoncourt. He was the first conductor and director of the Opera of the Croatian National Theater in Zagreb, and later he was a permanent conductor of the Opera in Zurich, Petrograd and Graz, where he was also the chief conductor of the Philharmonic Orchestra. He regularly performs at leading European opera houses (Hamburg, Milan, Paris, Vienna, Berlin, Munich, Frankfurt, Dresden, Leipzig, Prague, Bologna, Florence, Parma, Trieste, Oslo, etc.). From 2001 to 2007 he was the chief conductor of the Opera and Philharmonic of Robert Schumann in Chemnitz, and for several seasons the music director of the city. He is also a regular guest of many international concert stages where he collaborates with leading European orchestras. He is particularly committed to contemporary music, but he pays great attention to the Croatian musical heritage and new achievements of local composers. The recordings of Wagner's <i>Ring of Nibelung<\\\/i> and the opera <i>Il Campiello <\\\/i>by Ermann Wolf-Ferrari (played by the Trieste Opera <i>Verdi<\\\/i>), for which he won the platinum discography medal in Paris, are particularly noteworthy in his discography. The compact disc of the <i>Alpine Symphony<\\\/i> by Richard Strauss, performed by the HRT Symphony Orchestra under Bareza's conducting, is particularly noted in Croatian discography. A number of awards and recognitions include the<i> Porin <\\\/i>Lifetime Achievement Award (2008) and the prestigious<i> Mozart <\\\/i>award from the Chemnitz Association in recognition of his continued engagement, as well as recognition for his professional and sensible interpretation of music.<\\\/p>\",\"_padding\":{\"unit\":\"px\",\"top\":\"0\",\"right\":\"0\",\"bottom\":\"0\",\"left\":\"0\",\"isLinked\":true},\"_padding_mobile\":{\"unit\":\"px\",\"top\":\"0\",\"right\":\"0\",\"bottom\":\"0\",\"left\":\"0\",\"isLinked\":true},\"text_color\":\"#000000\",\"display_condition_list\":[{\"display_condition_login_status\":\"subscriber\",\"_id\":\"49a0e90\"}]},\"elements\":[],\"widgetType\":\"text-editor\"}],\"isInner\":true},{\"id\":\"feae737\",\"elType\":\"column\",\"settings\":{\"_column_size\":50,\"_inline_size\":null,\"padding\":{\"unit\":\"px\",\"top\":\"0\",\"right\":\"50\",\"bottom\":\"0\",\"left\":\"0\",\"isLinked\":false},\"padding_mobile\":{\"unit\":\"px\",\"top\":\"0\",\"right\":\"0\",\"bottom\":\"0\",\"left\":\"0\",\"isLinked\":true},\"padding_tablet\":{\"unit\":\"px\",\"top\":\"0\",\"right\":\"0\",\"bottom\":\"0\",\"left\":\"25\",\"isLinked\":false},\"display_condition_list\":[{\"display_condition_login_status\":\"subscriber\",\"_id\":\"367ee25\"}]},\"elements\":[{\"id\":\"da0f492\",\"elType\":\"widget\",\"settings\":{\"title\":\"Croatian Radio Television Symphonic Orchestra\",\"header_size\":\"h4\",\"title_color\":\"#D2232A\",\"display_condition_list\":[{\"display_condition_login_status\":\"subscriber\",\"_id\":\"48dcdb5\"}]},\"elements\":[],\"widgetType\":\"heading\"},{\"id\":\"642aea5\",\"elType\":\"widget\",\"settings\":{\"editor\":\"<p><b>Croatian Radio Television Symphonic Orchestra <\\\/b>started its activity in 1930, just four years after the beginning of the former Radio Zagreb broadcast. In 1951 the Chamber Orchestra of Radio Zagreb was founded, gaining recognition at home and abroad under its first conductor Antonio Janigro (after whom it was led by Stjepan \\u0160ulek and Pavle De\\u0161palj). The Orchestra gradually grew to a Symphonic orchestra; from 1957 it began to act under the name of the Symphonic Orchestra of Radio-Television Zagreb, and from 1975 until 1990 it was called the Zagreb Symphonic, and from 1991 it had its current title. Many prominent conductors stood at the head of the orchestra : Pavle De\\u0161palj, Kre\\u0161imir \\u0160ipu\\u0161, Josef Daniel, Oskar Danon, Milan Horvat, Uro\\u0161 Lajovic, Vladimir Kranj\\u010devi\\u0107 and Nik\\u0161a Bareza. Among the many conductors and soloists with whom the ensemble worked were Lovro von Mata\\u010di\\u0107, Igor Markevic, Franz Konwitschny, Claudio Abbado, Lorin Maazel, Zubin Mehta, Ernst Bour, Stjepan \\u0160ulek, Arnold Katz, Krzysztof Penderecki, Antonio Janigro, Andr\\u00e9 Navarra, Leonid Kogan, Henryk Szeryng, Aldo Ciccolini, Ru\\u017ea Pospi\\u0161-Baldani, Dunja Vejzovi\\u0107, Dubravka Tom\\u0161i\\u010d-Srebotnjak, Rudolf Klepac, Ivo Pogoreli\\u0107, Mstislav Rostropovich, Maxim Fedotov, Edita Gruber, Jos\\u00e9 Carreras, Ruggero Raimondi, Barbara Hendricks, Luciano Pavarotti and others. In addition to regular concert work in Zagreb, and the obligation to regularly operate in radio and television programs, the Orchestra tours throughout the country and abroad. At these tours the Orchestra experienced universal recognition and became the cultural ambassador of Croatia in the world. At the beginning of the Homeland War, the Symphonic Orchestra musicians put their skills and talents into service for the country. Dozens of concerts were held in the towns where battles took place, from Pakrac, Lipik, \\u0110akovo, Gospi\\u0107, Vinkovci to \\u0160ibenik, Zadar, Karlovac, and even Sarajevo. With a classic and contemporary repertoire, performed in concerts and recordings for radio, television and record companies, the Orchestra pays special attention to the Croatian musical heritage and contemporary repertoire. In its interesting discographic opus, especially notable are the author compact discs of composers Stjepan \\u0160ulek, Milko Kelemen and Miro Belamari\\u0107, a series of 5 CDs dedicated to the chief conductors of the Orchestra, the Alp symphony by Richard Strauss and a record with the works of italian composer Gino Marinuzzi the older (both of the latter under the conducting of Nik\\u0161a Bareza).<\\\/p>\",\"_padding\":{\"unit\":\"px\",\"top\":\"0\",\"right\":\"0\",\"bottom\":\"0\",\"left\":\"0\",\"isLinked\":true},\"_padding_mobile\":{\"unit\":\"px\",\"top\":\"0\",\"right\":\"0\",\"bottom\":\"0\",\"left\":\"0\",\"isLinked\":true},\"text_color\":\"#000000\",\"display_condition_list\":[{\"display_condition_login_status\":\"subscriber\",\"_id\":\"531b6f6\"}]},\"elements\":[],\"widgetType\":\"text-editor\"}],\"isInner\":true}],\"isInner\":true}],\"isInner\":false}],\"isInner\":false}]"],"_elementor_template_type":["wp-post"],"astra-main-page-id":["25255"],"_elementor_page_settings":["a:43:{s:22:\"astra_sites_main_color\";s:7:\"#839595\";s:30:\"astra_sites_heading_base_color\";s:7:\"#000000\";s:22:\"astra_sites_link_color\";s:7:\"#000000\";s:28:\"astra_sites_link_hover_color\";s:7:\"#000000\";s:22:\"astra_sites_text_color\";s:7:\"#839595\";s:27:\"astra_sites_body_typography\";s:6:\"custom\";s:26:\"astra_sites_body_font_size\";a:2:{s:4:\"unit\";s:2:\"px\";s:4:\"size\";s:2:\"16\";}s:28:\"astra_sites_body_line_height\";a:2:{s:4:\"unit\";s:2:\"em\";s:4:\"size\";s:3:\"1.6\";}s:28:\"astra_sites_body_font_family\";s:10:\"Fjalla One\";s:28:\"astra_sites_body_font_weight\";s:3:\"400\";s:32:\"astra_sites_heading_1_typography\";s:6:\"custom\";s:31:\"astra_sites_heading_1_font_size\";a:2:{s:4:\"unit\";s:2:\"px\";s:4:\"size\";s:2:\"65\";}s:38:\"astra_sites_heading_1_font_size_tablet\";a:2:{s:4:\"unit\";s:2:\"px\";s:4:\"size\";s:2:\"52\";}s:38:\"astra_sites_heading_1_font_size_mobile\";a:2:{s:4:\"unit\";s:2:\"px\";s:4:\"size\";s:2:\"40\";}s:39:\"astra_sites_default_heading_font_family\";s:24:\"'Fjalla One', sans-serif\";s:33:\"astra_sites_heading_1_font_family\";s:12:\"'Fjalla One'\";s:33:\"astra_sites_heading_1_font_weight\";s:3:\"400\";s:32:\"astra_sites_heading_2_typography\";s:6:\"custom\";s:31:\"astra_sites_heading_2_font_size\";a:2:{s:4:\"unit\";s:2:\"px\";s:4:\"size\";s:2:\"60\";}s:38:\"astra_sites_heading_2_font_size_tablet\";a:2:{s:4:\"unit\";s:2:\"px\";s:4:\"size\";s:2:\"50\";}s:38:\"astra_sites_heading_2_font_size_mobile\";a:2:{s:4:\"unit\";s:2:\"px\";s:4:\"size\";s:2:\"35\";}s:33:\"astra_sites_heading_2_font_family\";s:12:\"'Fjalla One'\";s:33:\"astra_sites_heading_2_font_weight\";s:3:\"400\";s:32:\"astra_sites_heading_3_typography\";s:6:\"custom\";s:31:\"astra_sites_heading_3_font_size\";a:2:{s:4:\"unit\";s:2:\"px\";s:4:\"size\";s:2:\"45\";}s:38:\"astra_sites_heading_3_font_size_tablet\";a:2:{s:4:\"unit\";s:2:\"px\";s:4:\"size\";s:2:\"45\";}s:38:\"astra_sites_heading_3_font_size_mobile\";a:2:{s:4:\"unit\";s:2:\"px\";s:4:\"size\";s:2:\"30\";}s:33:\"astra_sites_heading_3_font_family\";s:12:\"'Fjalla One'\";s:33:\"astra_sites_heading_3_font_weight\";s:3:\"400\";s:32:\"astra_sites_heading_4_typography\";s:6:\"custom\";s:31:\"astra_sites_heading_4_font_size\";a:2:{s:4:\"unit\";s:2:\"px\";s:4:\"size\";s:2:\"30\";}s:38:\"astra_sites_heading_4_font_size_mobile\";a:2:{s:4:\"unit\";s:2:\"px\";s:4:\"size\";s:2:\"25\";}s:33:\"astra_sites_heading_4_font_family\";s:12:\"'Fjalla One'\";s:33:\"astra_sites_heading_4_font_weight\";s:3:\"400\";s:32:\"astra_sites_heading_5_typography\";s:6:\"custom\";s:31:\"astra_sites_heading_5_font_size\";a:2:{s:4:\"unit\";s:2:\"px\";s:4:\"size\";s:2:\"22\";}s:33:\"astra_sites_heading_5_font_family\";s:12:\"'Fjalla One'\";s:33:\"astra_sites_heading_5_font_weight\";s:3:\"400\";s:32:\"astra_sites_heading_6_typography\";s:6:\"custom\";s:31:\"astra_sites_heading_6_font_size\";a:2:{s:4:\"unit\";s:2:\"px\";s:4:\"size\";s:2:\"15\";}s:33:\"astra_sites_heading_6_font_family\";s:12:\"'Fjalla One'\";s:33:\"astra_sites_heading_6_font_weight\";s:3:\"400\";s:31:\"astra_sites_page_setting_enable\";s:0:\"\";}"],"_wxr_import_user_slug":["alex"],"_astra_sites_imported_post":["1"],"_astra_sites_hotlink_imported":["1"],"_dp_original":["12"],"theme-transparent-header-meta":["default"],"stick-header-meta":["default"],"_elementor_template_widget_type":[""],"_edit_lock":["1693869895:1"],"_last_translation_edit_mode":["native-editor"],"_edit_last":["1"],"_wpml_media_has_media":["1"],"_elementor_version":["3.1.3"],"_elementor_pro_version":["3.8.1"],"_elementor_controls_usage":["a:6:{s:7:\"heading\";a:3:{s:5:\"count\";i:11;s:15:\"control_percent\";i:1;s:8:\"controls\";a:3:{s:7:\"content\";a:1:{s:13:\"section_title\";a:4:{s:5:\"title\";i:11;s:11:\"header_size\";i:9;s:5:\"align\";i:7;s:12:\"align_mobile\";i:2;}}s:8:\"advanced\";a:1:{s:14:\"_section_style\";a:4:{s:8:\"_padding\";i:3;s:15:\"_padding_mobile\";i:1;s:7:\"_margin\";i:2;s:15:\"_padding_tablet\";i:2;}}s:5:\"style\";a:1:{s:19:\"section_title_style\";a:6:{s:21:\"typography_typography\";i:2;s:21:\"typography_font_style\";i:1;s:20:\"typography_font_size\";i:2;s:27:\"typography_font_size_mobile\";i:2;s:27:\"typography_font_size_tablet\";i:2;s:11:\"title_color\";i:4;}}}}s:6:\"column\";a:3:{s:5:\"count\";i:16;s:15:\"control_percent\";i:0;s:8:\"controls\";a:3:{s:6:\"layout\";a:1:{s:6:\"layout\";a:3:{s:12:\"_inline_size\";i:13;s:16:\"content_position\";i:5;s:19:\"_inline_size_mobile\";i:2;}}s:8:\"advanced\";a:1:{s:16:\"section_advanced\";a:6:{s:7:\"padding\";i:9;s:14:\"padding_tablet\";i:9;s:14:\"padding_mobile\";i:10;s:6:\"margin\";i:3;s:13:\"margin_tablet\";i:2;s:13:\"margin_mobile\";i:2;}}s:5:\"style\";a:2:{s:13:\"section_style\";a:5:{s:21:\"background_background\";i:4;s:19:\"background_position\";i:4;s:21:\"background_attachment\";i:4;s:17:\"background_repeat\";i:4;s:15:\"background_size\";i:4;}s:26:\"section_background_overlay\";a:3:{s:29:\"background_overlay_background\";i:1;s:26:\"background_overlay_opacity\";i:1;s:18:\"overlay_blend_mode\";i:1;}}}}s:7:\"section\";a:3:{s:5:\"count\";i:11;s:15:\"control_percent\";i:4;s:8:\"controls\";a:3:{s:6:\"layout\";a:2:{s:14:\"section_layout\";a:3:{s:3:\"gap\";i:11;s:16:\"content_position\";i:8;s:13:\"custom_height\";i:2;}s:17:\"section_structure\";a:1:{s:9:\"structure\";i:5;}}s:5:\"style\";a:3:{s:18:\"section_background\";a:2:{s:21:\"background_background\";i:3;s:16:\"background_color\";i:3;}s:26:\"section_background_overlay\";a:6:{s:29:\"background_overlay_background\";i:2;s:27:\"background_overlay_position\";i:2;s:29:\"background_overlay_attachment\";i:2;s:25:\"background_overlay_repeat\";i:2;s:23:\"background_overlay_size\";i:2;s:26:\"background_overlay_opacity\";i:2;}s:21:\"section_shape_divider\";a:2:{s:17:\"shape_divider_top\";i:2;s:23:\"shape_divider_top_color\";i:1;}}s:8:\"advanced\";a:1:{s:16:\"section_advanced\";a:5:{s:7:\"padding\";i:5;s:14:\"padding_tablet\";i:5;s:14:\"padding_mobile\";i:7;s:13:\"margin_mobile\";i:2;s:6:\"margin\";i:1;}}}}s:11:\"text-editor\";a:3:{s:5:\"count\";i:9;s:15:\"control_percent\";i:1;s:8:\"controls\";a:3:{s:7:\"content\";a:1:{s:14:\"section_editor\";a:1:{s:6:\"editor\";i:9;}}s:8:\"advanced\";a:1:{s:14:\"_section_style\";a:3:{s:15:\"_padding_tablet\";i:1;s:15:\"_padding_mobile\";i:8;s:8:\"_padding\";i:7;}}s:5:\"style\";a:1:{s:13:\"section_style\";a:3:{s:21:\"typography_typography\";i:1;s:5:\"align\";i:1;s:10:\"text_color\";i:8;}}}}s:18:\"uael-image-gallery\";a:3:{s:5:\"count\";i:1;s:15:\"control_percent\";i:3;s:8:\"controls\";a:2:{s:7:\"content\";a:4:{s:22:\"section_content_images\";a:2:{s:10:\"wp_gallery\";i:1;s:13:\"gallery_style\";i:1;}s:20:\"section_content_grid\";a:1:{s:15:\"gallery_columns\";i:1;}s:23:\"section_content_general\";a:2:{s:12:\"click_action\";i:1;s:10:\"image_size\";i:1;}s:22:\"section_slider_options\";a:3:{s:14:\"slides_to_show\";i:1;s:8:\"infinite\";i:1;s:10:\"navigation\";i:1;}}s:5:\"style\";a:2:{s:21:\"section_design_layout\";a:3:{s:10:\"column_gap\";i:1;s:7:\"row_gap\";i:1;s:13:\"images_valign\";i:1;}s:24:\"section_design_thumbnail\";a:2:{s:19:\"overlay_image_hover\";i:1;s:17:\"image_scale_hover\";i:1;}}}}s:5:\"image\";a:3:{s:5:\"count\";i:4;s:15:\"control_percent\";i:1;s:8:\"controls\";a:1:{s:7:\"content\";a:1:{s:13:\"section_image\";a:2:{s:5:\"image\";i:4;s:5:\"align\";i:1;}}}}}"],"_uag_page_assets":["a:9:{s:3:\"css\";s:0:\"\";s:2:\"js\";s:0:\"\";s:18:\"current_block_list\";a:0:{}s:8:\"uag_flag\";b:0;s:11:\"uag_version\";s:10:\"1777435348\";s:6:\"gfonts\";a:0:{}s:10:\"gfonts_url\";s:0:\"\";s:12:\"gfonts_files\";a:0:{}s:14:\"uag_faq_layout\";b:0;}"],"_elementor_page_assets":["a:2:{s:6:\"styles\";a:3:{i:0;s:14:\"widget-heading\";i:1;s:12:\"widget-image\";i:2;s:8:\"e-shapes\";}s:7:\"scripts\";a:8:{i:0;s:18:\"elementor-frontend\";i:1;s:12:\"uael-isotope\";i:2;s:12:\"imagesloaded\";i:3;s:10:\"uael-slick\";i:4;s:19:\"uael-element-resize\";i:5;s:20:\"uael-frontend-script\";i:6;s:13:\"uael-fancybox\";i:7;s:14:\"uael-justified\";}}"],"_elementor_css":["a:6:{s:4:\"time\";i:1751002478;s:5:\"fonts\";a:0:{}s:5:\"icons\";a:0:{}s:20:\"dynamic_elements_ids\";a:0:{}s:6:\"status\";s:4:\"file\";i:0;s:0:\"\";}"]},"uagb_featured_image_src":{"full":false,"thumbnail":false,"medium":false,"medium_large":false,"large":false,"1536x1536":false,"2048x2048":false},"uagb_author_info":{"display_name":"Igor Vatavuk","author_link":"https:\/\/voxprimus.org\/en\/author\/ivatavuk\/"},"uagb_comment_info":0,"uagb_excerpt":"About the project Ottava alta Goran Kon\u010dar and Bruno Vlahek The release OTTAVA ALTA presents works for the violin by three doyens of Croatian composing &#8211; Bruno Bjelinski, Stjepan \u0160ulek and Ivo Malec, performed by violinist Goran Kon\u010dar, pianist Bruno Vlahek and the Symphony Orchestra of the Croatian Radiotelevision under the conducting of Mo Nik\u0161a&hellip;","_links":{"self":[{"href":"https:\/\/voxprimus.org\/en\/wp-json\/wp\/v2\/pages\/559","targetHints":{"allow":["GET"]}}],"collection":[{"href":"https:\/\/voxprimus.org\/en\/wp-json\/wp\/v2\/pages"}],"about":[{"href":"https:\/\/voxprimus.org\/en\/wp-json\/wp\/v2\/types\/page"}],"author":[{"embeddable":true,"href":"https:\/\/voxprimus.org\/en\/wp-json\/wp\/v2\/users\/2"}],"replies":[{"embeddable":true,"href":"https:\/\/voxprimus.org\/en\/wp-json\/wp\/v2\/comments?post=559"}],"version-history":[{"count":17,"href":"https:\/\/voxprimus.org\/en\/wp-json\/wp\/v2\/pages\/559\/revisions"}],"predecessor-version":[{"id":2583,"href":"https:\/\/voxprimus.org\/en\/wp-json\/wp\/v2\/pages\/559\/revisions\/2583"}],"wp:attachment":[{"href":"https:\/\/voxprimus.org\/en\/wp-json\/wp\/v2\/media?parent=559"}],"curies":[{"name":"wp","href":"https:\/\/api.w.org\/{rel}","templated":true}]}}